{"id":1017,"date":"2023-09-14T00:06:04","date_gmt":"2023-09-13T22:06:04","guid":{"rendered":"https:\/\/cercledesamateursdubraquedeweimar.com\/?page_id=1017"},"modified":"2024-04-30T13:28:24","modified_gmt":"2024-04-30T11:28:24","slug":"trouver-un-eleveur-2","status":"publish","type":"page","link":"https:\/\/cercledesamateursdubraquedeweimar.com\/index.php\/trouver-un-eleveur-2\/","title":{"rendered":"Trouver un \u00e9leveur&#8230;."},"content":{"rendered":"<style>.wp-block-kadence-advancedheading.kt-adv-heading1017_2c1864-91, .wp-block-kadence-advancedheading.kt-adv-heading1017_2c1864-91[data-kb-block=\"kb-adv-heading1017_2c1864-91\"]{text-align:center;font-size:var(--global-kb-font-size-xl, 3rem);font-weight:600;font-style:normal;font-family:'Hanken Grotesk';}.wp-block-kadence-advancedheading.kt-adv-heading1017_2c1864-91 mark.kt-highlight, .wp-block-kadence-advancedheading.kt-adv-heading1017_2c1864-91[data-kb-block=\"kb-adv-heading1017_2c1864-91\"] mark.kt-highlight{font-style:normal;color:#f76a0c;-webkit-box-decoration-break:clone;box-decoration-break:clone;padding-top:0px;padding-right:0px;padding-bottom:0px;padding-left:0px;}<\/style>\n<h1 class=\"kt-adv-heading1017_2c1864-91 wp-block-kadence-advancedheading has-theme-palette-2-color has-text-color\" data-kb-block=\"kb-adv-heading1017_2c1864-91\">Trouver un \u00e9leveur de<br>braque de weimar<br>poil court | poil long<\/h1>\n\n\n\n<hr class=\"wp-block-separator alignwide has-alpha-channel-opacity\"\/>\n\n\n<style>.wp-block-kadence-advancedheading.kt-adv-heading1017_c3f6a3-34, .wp-block-kadence-advancedheading.kt-adv-heading1017_c3f6a3-34[data-kb-block=\"kb-adv-heading1017_c3f6a3-34\"]{text-align:right;font-size:var(--global-kb-font-size-lg, 2rem);font-weight:600;font-style:normal;font-family:'Hanken Grotesk';}.wp-block-kadence-advancedheading.kt-adv-heading1017_c3f6a3-34 mark.kt-highlight, .wp-block-kadence-advancedheading.kt-adv-heading1017_c3f6a3-34[data-kb-block=\"kb-adv-heading1017_c3f6a3-34\"] mark.kt-highlight{font-style:normal;color:#f76a0c;-webkit-box-decoration-break:clone;box-decoration-break:clone;padding-top:0px;padding-right:0px;padding-bottom:0px;padding-left:0px;}<\/style>\n<h2 class=\"kt-adv-heading1017_c3f6a3-34 wp-block-kadence-advancedheading\" data-kb-block=\"kb-adv-heading1017_c3f6a3-34\"><\/h2>\n\n\n\n<p><\/p>\n\n\n<style>.kb-row-layout-id1017_6b13e1-00 > .kt-row-column-wrap{align-content:start;}:where(.kb-row-layout-id1017_6b13e1-00 > .kt-row-column-wrap) > .wp-block-kadence-column{justify-content:start;}.kb-row-layout-id1017_6b13e1-00 > .kt-row-column-wrap{column-gap:var(--global-kb-gap-md, 2rem);row-gap:var(--global-kb-gap-md, 2rem);padding-top:var(--global-kb-spacing-sm, 1.5rem);padding-bottom:var(--global-kb-spacing-sm, 1.5rem);grid-template-columns:minmax(0, 2fr) minmax(0, 1fr);}.kb-row-layout-id1017_6b13e1-00 > .kt-row-layout-overlay{opacity:0.30;}@media all and (max-width: 1024px){.kb-row-layout-id1017_6b13e1-00 > .kt-row-column-wrap{grid-template-columns:minmax(0, 2fr) minmax(0, 1fr);}}@media all and (max-width: 767px){.kb-row-layout-id1017_6b13e1-00 > .kt-row-column-wrap{grid-template-columns:minmax(0, 1fr);}}<\/style><div class=\"kb-row-layout-wrap kb-row-layout-id1017_6b13e1-00 alignnone wp-block-kadence-rowlayout\"><div class=\"kt-row-column-wrap kt-has-2-columns kt-row-layout-left-golden kt-tab-layout-inherit kt-mobile-layout-row kt-row-valign-top\">\n<style>.kadence-column1017_a15642-40 > .kt-inside-inner-col,.kadence-column1017_a15642-40 > .kt-inside-inner-col:before{border-top-left-radius:0px;border-top-right-radius:0px;border-bottom-right-radius:0px;border-bottom-left-radius:0px;}.kadence-column1017_a15642-40 > .kt-inside-inner-col{column-gap:var(--global-kb-gap-sm, 1rem);}.kadence-column1017_a15642-40 > .kt-inside-inner-col{flex-direction:column;}.kadence-column1017_a15642-40 > .kt-inside-inner-col > .aligncenter{width:100%;}.kadence-column1017_a15642-40 > .kt-inside-inner-col:before{opacity:0.3;}.kadence-column1017_a15642-40{position:relative;}@media all and (max-width: 1024px){.kadence-column1017_a15642-40 > .kt-inside-inner-col{flex-direction:column;justify-content:center;}}@media all and (max-width: 767px){.kadence-column1017_a15642-40 > .kt-inside-inner-col{flex-direction:column;justify-content:center;}}<\/style>\n<div class=\"wp-block-kadence-column kadence-column1017_a15642-40\"><div class=\"kt-inside-inner-col\">\n<h1 class=\"wp-block-heading has-text-align-left has-medium-font-size\"><br>D&rsquo;abord le site de \u00ab\u00a0chiens de france\u00a0\u00bb o\u00f9 la plupart des \u00e9leveurs ont une page pour pr\u00e9senter leur \u00e9levage:<br><a href=\"https:\/\/www.chiens-de-france.com\/eleveurs\/braque-de-weimar\/france\" target=\"_blank\" rel=\"noreferrer noopener\">https:\/\/www.chiens-de-france.com\/eleveurs\/braque-de-weimar\/france<\/a><br><\/h1>\n<\/div><\/div>\n\n\n<style>.kadence-column1017_e24b72-a1 > .kt-inside-inner-col,.kadence-column1017_e24b72-a1 > .kt-inside-inner-col:before{border-top-left-radius:0px;border-top-right-radius:0px;border-bottom-right-radius:0px;border-bottom-left-radius:0px;}.kadence-column1017_e24b72-a1 > .kt-inside-inner-col{column-gap:var(--global-kb-gap-sm, 1rem);}.kadence-column1017_e24b72-a1 > .kt-inside-inner-col{flex-direction:column;}.kadence-column1017_e24b72-a1 > .kt-inside-inner-col > .aligncenter{width:100%;}.kadence-column1017_e24b72-a1 > .kt-inside-inner-col:before{opacity:0.3;}.kadence-column1017_e24b72-a1{position:relative;}@media all and (max-width: 1024px){.kadence-column1017_e24b72-a1 > .kt-inside-inner-col{flex-direction:column;justify-content:center;}}@media all and (max-width: 767px){.kadence-column1017_e24b72-a1 > .kt-inside-inner-col{flex-direction:column;justify-content:center;}}<\/style>\n<div class=\"wp-block-kadence-column kadence-column1017_e24b72-a1\"><div class=\"kt-inside-inner-col\"><style>.kb-image1017_5a2092-59 .kb-image-has-overlay:after{opacity:0.3;border-top-left-radius:15px;border-top-right-radius:15px;border-bottom-right-radius:15px;border-bottom-left-radius:15px;}.kb-image1017_5a2092-59 img.kb-img, .kb-image1017_5a2092-59 .kb-img img{border-top:1px solid;border-right:1px solid;border-bottom:1px solid;border-left:1px solid;border-top-left-radius:15px;border-top-right-radius:15px;border-bottom-right-radius:15px;border-bottom-left-radius:15px;box-shadow:0px 0px 14px 0px var(--global-palette5, #4A5568);}@media all and (max-width: 1024px){.kb-image1017_5a2092-59 img.kb-img, .kb-image1017_5a2092-59 .kb-img img{border-top:1px solid;border-right:1px solid;border-bottom:1px solid;border-left:1px solid;}}@media all and (max-width: 767px){.kb-image1017_5a2092-59 img.kb-img, .kb-image1017_5a2092-59 .kb-img img{border-top:1px solid;border-right:1px solid;border-bottom:1px solid;border-left:1px solid;}}<\/style>\n<figure class=\"wp-block-kadence-image kb-image1017_5a2092-59 alignwide size-full\"><a href=\"https:\/\/www.chiens-de-france.com\/eleveurs\/braque-de-weimar\/france\" class=\"kb-advanced-image-link\" target=\"_blank\" rel=\"noopener noreferrer\"><img loading=\"lazy\" decoding=\"async\" width=\"443\" height=\"142\" src=\"https:\/\/cercledesamateursdubraquedeweimar.com\/wordpress\/wp-content\/uploads\/2024\/04\/Capture-decran-2024-04-30-111548.png\" alt=\"\" class=\"kb-img wp-image-2937\" srcset=\"https:\/\/cercledesamateursdubraquedeweimar.com\/wordpress\/wp-content\/uploads\/2024\/04\/Capture-decran-2024-04-30-111548.png 443w, https:\/\/cercledesamateursdubraquedeweimar.com\/wordpress\/wp-content\/uploads\/2024\/04\/Capture-decran-2024-04-30-111548-300x96.png 300w\" sizes=\"auto, (max-width: 443px) 100vw, 443px\" \/><\/a><\/figure>\n<\/div><\/div>\n\n<\/div><\/div>\n\n\n<hr class=\"wp-block-separator has-alpha-channel-opacity\"\/>\n\n\n<style>.kb-row-layout-id1017_b76598-6f > .kt-row-column-wrap{align-content:start;}:where(.kb-row-layout-id1017_b76598-6f > .kt-row-column-wrap) > .wp-block-kadence-column{justify-content:start;}.kb-row-layout-id1017_b76598-6f > .kt-row-column-wrap{column-gap:var(--global-kb-gap-md, 2rem);row-gap:var(--global-kb-gap-md, 2rem);padding-top:var(--global-kb-spacing-sm, 1.5rem);padding-bottom:var(--global-kb-spacing-sm, 1.5rem);}.kb-row-layout-id1017_b76598-6f > .kt-row-column-wrap > *:nth-child(3n+1 of *:not(style)){grid-column:1 \/ -1;}.kb-row-layout-id1017_b76598-6f > .kt-row-column-wrap{grid-template-columns:repeat(2, minmax(0, 1fr));}.kb-row-layout-id1017_b76598-6f > .kt-row-layout-overlay{opacity:0.30;}@media all and (max-width: 1024px){.kb-row-layout-id1017_b76598-6f > .kt-row-column-wrap > *:nth-child(3n+1 of *:not(style)){grid-column:1 \/ -1;}}@media all and (max-width: 1024px){.kb-row-layout-id1017_b76598-6f > .kt-row-column-wrap{grid-template-columns:repeat(2, minmax(0, 1fr));}}@media all and (max-width: 767px){.kb-row-layout-id1017_b76598-6f > .kt-row-column-wrap > div:not(.added-for-specificity){grid-column:initial;}.kb-row-layout-id1017_b76598-6f > .kt-row-column-wrap{grid-template-columns:minmax(0, 1fr);}}<\/style><div class=\"kb-row-layout-wrap kb-row-layout-id1017_b76598-6f alignnone wp-block-kadence-rowlayout\"><div class=\"kt-row-column-wrap kt-has-3-columns kt-row-layout-first-row kt-tab-layout-inherit kt-mobile-layout-row kt-row-valign-top\">\n<style>.kadence-column1017_9f0001-d3 > .kt-inside-inner-col,.kadence-column1017_9f0001-d3 > .kt-inside-inner-col:before{border-top-left-radius:0px;border-top-right-radius:0px;border-bottom-right-radius:0px;border-bottom-left-radius:0px;}.kadence-column1017_9f0001-d3 > .kt-inside-inner-col{column-gap:var(--global-kb-gap-sm, 1rem);}.kadence-column1017_9f0001-d3 > .kt-inside-inner-col{flex-direction:column;}.kadence-column1017_9f0001-d3 > .kt-inside-inner-col > .aligncenter{width:100%;}.kadence-column1017_9f0001-d3 > .kt-inside-inner-col:before{opacity:0.3;}.kadence-column1017_9f0001-d3{position:relative;}@media all and (max-width: 1024px){.kadence-column1017_9f0001-d3 > .kt-inside-inner-col{flex-direction:column;justify-content:center;}}@media all and (max-width: 767px){.kadence-column1017_9f0001-d3 > .kt-inside-inner-col{flex-direction:column;justify-content:center;}}<\/style>\n<div class=\"wp-block-kadence-column kadence-column1017_9f0001-d3\"><div class=\"kt-inside-inner-col\"><style>.kb-image1017_64d1cb-76 .kb-image-has-overlay:after{opacity:0.3;border-top-left-radius:15px;border-top-right-radius:15px;border-bottom-right-radius:15px;border-bottom-left-radius:15px;}.kb-image1017_64d1cb-76 img.kb-img, .kb-image1017_64d1cb-76 .kb-img img{border-top:1px solid var(--global-palette6, #718096);border-right:1px solid var(--global-palette6, #718096);border-bottom:1px solid var(--global-palette6, #718096);border-left:1px solid var(--global-palette6, #718096);border-top-left-radius:15px;border-top-right-radius:15px;border-bottom-right-radius:15px;border-bottom-left-radius:15px;box-shadow:0px 0px 14px 0px var(--global-palette5, #4A5568);}@media all and (max-width: 1024px){.kb-image1017_64d1cb-76 img.kb-img, .kb-image1017_64d1cb-76 .kb-img img{border-top:1px solid var(--global-palette6, #718096);border-right:1px solid var(--global-palette6, #718096);border-bottom:1px solid var(--global-palette6, #718096);border-left:1px solid var(--global-palette6, #718096);}}@media all and (max-width: 767px){.kb-image1017_64d1cb-76 img.kb-img, .kb-image1017_64d1cb-76 .kb-img img{border-top:1px solid var(--global-palette6, #718096);border-right:1px solid var(--global-palette6, #718096);border-bottom:1px solid var(--global-palette6, #718096);border-left:1px solid var(--global-palette6, #718096);}}<\/style>\n<div class=\"wp-block-kadence-image kb-image1017_64d1cb-76\"><figure class=\"aligncenter size-thumbnail\"><a href=\"https:\/\/www.centrale-canine.fr\/le-chien-de-race\/braque-de-weimar\" class=\"kb-advanced-image-link\" target=\"_blank\" rel=\"noopener noreferrer\"><img loading=\"lazy\" decoding=\"async\" width=\"150\" height=\"150\" src=\"https:\/\/cercledesamateursdubraquedeweimar.com\/wordpress\/wp-content\/uploads\/2023\/09\/telechargement-12-150x150.png\" alt=\"scc central canine\" class=\"kb-img wp-image-413\"\/><\/a><\/figure><\/div>\n\n\n<style>.wp-block-kadence-advancedheading.kt-adv-heading1017_3b0fc0-95, .wp-block-kadence-advancedheading.kt-adv-heading1017_3b0fc0-95[data-kb-block=\"kb-adv-heading1017_3b0fc0-95\"]{font-size:var(--global-kb-font-size-md, 1.25rem);font-style:normal;}.wp-block-kadence-advancedheading.kt-adv-heading1017_3b0fc0-95 mark.kt-highlight, .wp-block-kadence-advancedheading.kt-adv-heading1017_3b0fc0-95[data-kb-block=\"kb-adv-heading1017_3b0fc0-95\"] mark.kt-highlight{font-style:normal;color:#f76a0c;-webkit-box-decoration-break:clone;box-decoration-break:clone;padding-top:0px;padding-right:0px;padding-bottom:0px;padding-left:0px;}<\/style>\n<h2 class=\"kt-adv-heading1017_3b0fc0-95 wp-block-kadence-advancedheading\" data-kb-block=\"kb-adv-heading1017_3b0fc0-95\">Ensuite il y a le site de la Soci\u00e9t\u00e9 Centrale Canine o\u00f9 tous les chiots inscrit au LOF (livre des origines Fran\u00e7aise) sont d\u00e9clar\u00e9s :<\/h2>\n<\/div><\/div>\n\n\n<style>.kadence-column1017_4b7928-ed > .kt-inside-inner-col,.kadence-column1017_4b7928-ed > .kt-inside-inner-col:before{border-top-left-radius:0px;border-top-right-radius:0px;border-bottom-right-radius:0px;border-bottom-left-radius:0px;}.kadence-column1017_4b7928-ed > .kt-inside-inner-col{column-gap:var(--global-kb-gap-sm, 1rem);}.kadence-column1017_4b7928-ed > .kt-inside-inner-col{flex-direction:column;}.kadence-column1017_4b7928-ed > .kt-inside-inner-col > .aligncenter{width:100%;}.kadence-column1017_4b7928-ed > .kt-inside-inner-col:before{opacity:0.3;}.kadence-column1017_4b7928-ed{position:relative;}@media all and (max-width: 1024px){.kadence-column1017_4b7928-ed > .kt-inside-inner-col{flex-direction:column;justify-content:center;}}@media all and (max-width: 767px){.kadence-column1017_4b7928-ed > .kt-inside-inner-col{flex-direction:column;justify-content:center;}}<\/style>\n<div class=\"wp-block-kadence-column kadence-column1017_4b7928-ed\"><div class=\"kt-inside-inner-col\"><style>.wp-block-kadence-advancedheading.kt-adv-heading1017_fb2e46-2e, .wp-block-kadence-advancedheading.kt-adv-heading1017_fb2e46-2e[data-kb-block=\"kb-adv-heading1017_fb2e46-2e\"]{text-align:center;font-size:var(--global-kb-font-size-lg, 2rem);font-style:normal;}.wp-block-kadence-advancedheading.kt-adv-heading1017_fb2e46-2e mark.kt-highlight, .wp-block-kadence-advancedheading.kt-adv-heading1017_fb2e46-2e[data-kb-block=\"kb-adv-heading1017_fb2e46-2e\"] mark.kt-highlight{font-style:normal;color:#f76a0c;-webkit-box-decoration-break:clone;box-decoration-break:clone;padding-top:0px;padding-right:0px;padding-bottom:0px;padding-left:0px;}<\/style>\n<h1 class=\"kt-adv-heading1017_fb2e46-2e wp-block-kadence-advancedheading\" data-kb-block=\"kb-adv-heading1017_fb2e46-2e\"><a href=\"https:\/\/www.centrale-canine.fr\/le-chien-de-race\/braque-de-weimar\/chiots-de-la-race?variety=244\" target=\"_blank\" rel=\"noreferrer noopener\">les port\u00e9es<br>braque de weimar<br>poil court<\/a><\/h1>\n<\/div><\/div>\n\n\n<style>.kadence-column1017_bc0968-cf > .kt-inside-inner-col,.kadence-column1017_bc0968-cf > .kt-inside-inner-col:before{border-top-left-radius:0px;border-top-right-radius:0px;border-bottom-right-radius:0px;border-bottom-left-radius:0px;}.kadence-column1017_bc0968-cf > .kt-inside-inner-col{column-gap:var(--global-kb-gap-sm, 1rem);}.kadence-column1017_bc0968-cf > .kt-inside-inner-col{flex-direction:column;}.kadence-column1017_bc0968-cf > .kt-inside-inner-col > .aligncenter{width:100%;}.kadence-column1017_bc0968-cf > .kt-inside-inner-col:before{opacity:0.3;}.kadence-column1017_bc0968-cf{position:relative;}@media all and (max-width: 1024px){.kadence-column1017_bc0968-cf > .kt-inside-inner-col{flex-direction:column;justify-content:center;}}@media all and (max-width: 767px){.kadence-column1017_bc0968-cf > .kt-inside-inner-col{flex-direction:column;justify-content:center;}}<\/style>\n<div class=\"wp-block-kadence-column kadence-column1017_bc0968-cf\"><div class=\"kt-inside-inner-col\"><style>.wp-block-kadence-advancedheading.kt-adv-heading1017_8f806e-af, .wp-block-kadence-advancedheading.kt-adv-heading1017_8f806e-af[data-kb-block=\"kb-adv-heading1017_8f806e-af\"]{text-align:center;font-style:normal;}.wp-block-kadence-advancedheading.kt-adv-heading1017_8f806e-af mark.kt-highlight, .wp-block-kadence-advancedheading.kt-adv-heading1017_8f806e-af[data-kb-block=\"kb-adv-heading1017_8f806e-af\"] mark.kt-highlight{font-style:normal;color:#f76a0c;-webkit-box-decoration-break:clone;box-decoration-break:clone;padding-top:0px;padding-right:0px;padding-bottom:0px;padding-left:0px;}<\/style>\n<h2 class=\"kt-adv-heading1017_8f806e-af wp-block-kadence-advancedheading\" data-kb-block=\"kb-adv-heading1017_8f806e-af\"><a href=\"https:\/\/www.centrale-canine.fr\/le-chien-de-race\/braque-de-weimar\/chiots-de-la-race?variety=245\" target=\"_blank\" rel=\"noreferrer noopener\">les port\u00e9es<br>braque de weimar<br>poil long<\/a><\/h2>\n<\/div><\/div>\n\n<\/div><\/div>\n\n\n<hr class=\"wp-block-separator alignwide has-alpha-channel-opacity\"\/>\n\n\n<style>.kb-image1017_71aac3-26 .kb-image-has-overlay:after{opacity:0.3;border-top-left-radius:70px;border-top-right-radius:70px;border-bottom-right-radius:70px;border-bottom-left-radius:70px;}.kb-image1017_71aac3-26 img.kb-img, .kb-image1017_71aac3-26 .kb-img img{border-top:1px solid var(--global-palette8, #F7FAFC);border-right:1px solid var(--global-palette8, #F7FAFC);border-bottom:1px solid var(--global-palette8, #F7FAFC);border-left:1px solid var(--global-palette8, #F7FAFC);border-top-left-radius:70px;border-top-right-radius:70px;border-bottom-right-radius:70px;border-bottom-left-radius:70px;box-shadow:0px 0px 14px 0px var(--global-palette6, #718096);}@media all and (max-width: 1024px){.kb-image1017_71aac3-26 img.kb-img, .kb-image1017_71aac3-26 .kb-img img{border-top:1px solid var(--global-palette8, #F7FAFC);border-right:1px solid var(--global-palette8, #F7FAFC);border-bottom:1px solid var(--global-palette8, #F7FAFC);border-left:1px solid var(--global-palette8, #F7FAFC);}}@media all and (max-width: 767px){.kb-image1017_71aac3-26 img.kb-img, .kb-image1017_71aac3-26 .kb-img img{border-top:1px solid var(--global-palette8, #F7FAFC);border-right:1px solid var(--global-palette8, #F7FAFC);border-bottom:1px solid var(--global-palette8, #F7FAFC);border-left:1px solid var(--global-palette8, #F7FAFC);}}<\/style>\n<div class=\"wp-block-kadence-image kb-image1017_71aac3-26\"><figure class=\"aligncenter size-full\"><a href=\"https:\/\/cercledesamateursdubraquedeweimar.com\/index.php\/trouver-un-eleveur-2\/\" class=\"kb-advanced-image-link\"><img loading=\"lazy\" decoding=\"async\" width=\"125\" height=\"125\" src=\"https:\/\/cercledesamateursdubraquedeweimar.com\/wordpress\/wp-content\/uploads\/2023\/10\/logo_cabwheader.jpg\" alt=\"braque de weimar poil court long\" class=\"kb-img wp-image-2011\"\/><\/a><\/figure><\/div>\n","protected":false},"excerpt":{"rendered":"<p>Trouver un \u00e9leveur debraque de weimarpoil court | poil long D&rsquo;abord le site de \u00ab\u00a0chiens de france\u00a0\u00bb o\u00f9 la plupart des \u00e9leveurs ont une page pour pr\u00e9senter leur \u00e9levage:https:\/\/www.chiens-de-france.com\/eleveurs\/braque-de-weimar\/france Ensuite il y a le site de la Soci\u00e9t\u00e9 Centrale Canine o\u00f9 tous les chiots inscrit au LOF (livre des origines Fran\u00e7aise) sont d\u00e9clar\u00e9s : les&#8230;<\/p>\n","protected":false},"author":1,"featured_media":0,"parent":0,"menu_order":0,"comment_status":"closed","ping_status":"closed","template":"","meta":{"_monsterinsights_skip_tracking":false,"_monsterinsights_sitenote_active":false,"_monsterinsights_sitenote_note":"","_monsterinsights_sitenote_category":0,"_kad_post_transparent":"","_kad_post_title":"hide","_kad_post_layout":"","_kad_post_sidebar_id":"","_kad_post_content_style":"","_kad_post_vertical_padding":"","_kad_post_feature":"","_kad_post_feature_position":"","_kad_post_header":false,"_kad_post_footer":false,"footnotes":""},"class_list":["post-1017","page","type-page","status-publish","hentry"],"yoast_head":"<!-- This site is optimized with the Yoast SEO plugin v25.4 - https:\/\/yoast.com\/wordpress\/plugins\/seo\/ -->\n<title>Trouver un \u00e9leveur.... | Cercle des Amateurs du Braque de Weimar<\/title>\n<meta name=\"description\" content=\"braque de weimar\" \/>\n<meta name=\"robots\" content=\"index, follow, max-snippet:-1, max-image-preview:large, max-video-preview:-1\" \/>\n<link rel=\"canonical\" href=\"https:\/\/cercledesamateursdubraquedeweimar.com\/index.php\/trouver-un-eleveur-2\/\" \/>\n<meta property=\"og:locale\" content=\"fr_FR\" \/>\n<meta property=\"og:type\" content=\"article\" \/>\n<meta property=\"og:title\" content=\"Trouver un \u00e9leveur.... | Cercle des Amateurs du Braque de Weimar\" \/>\n<meta property=\"og:description\" content=\"braque de weimar\" \/>\n<meta property=\"og:url\" content=\"https:\/\/cercledesamateursdubraquedeweimar.com\/index.php\/trouver-un-eleveur-2\/\" \/>\n<meta property=\"og:site_name\" content=\"Cercle des Amateurs du Braque de Weimar\" \/>\n<meta property=\"article:publisher\" content=\"https:\/\/www.facebook.com\/groups\/259081272759375\" \/>\n<meta property=\"article:modified_time\" content=\"2024-04-30T11:28:24+00:00\" \/>\n<meta property=\"og:image\" content=\"https:\/\/cercledesamateursdubraquedeweimar.com\/wordpress\/wp-content\/uploads\/2024\/04\/Capture-decran-2024-04-30-111548.png\" \/>\n<meta name=\"twitter:card\" content=\"summary_large_image\" \/>\n<meta name=\"twitter:label1\" content=\"Dur\u00e9e de lecture estim\u00e9e\" \/>\n\t<meta name=\"twitter:data1\" content=\"1 minute\" \/>\n<script type=\"application\/ld+json\" class=\"yoast-schema-graph\">{\"@context\":\"https:\/\/schema.org\",\"@graph\":[{\"@type\":\"WebPage\",\"@id\":\"https:\/\/cercledesamateursdubraquedeweimar.com\/index.php\/trouver-un-eleveur-2\/\",\"url\":\"https:\/\/cercledesamateursdubraquedeweimar.com\/index.php\/trouver-un-eleveur-2\/\",\"name\":\"Trouver un \u00e9leveur.... | Cercle des Amateurs du Braque de Weimar\",\"isPartOf\":{\"@id\":\"https:\/\/cercledesamateursdubraquedeweimar.com\/#website\"},\"primaryImageOfPage\":{\"@id\":\"https:\/\/cercledesamateursdubraquedeweimar.com\/index.php\/trouver-un-eleveur-2\/#primaryimage\"},\"image\":{\"@id\":\"https:\/\/cercledesamateursdubraquedeweimar.com\/index.php\/trouver-un-eleveur-2\/#primaryimage\"},\"thumbnailUrl\":\"https:\/\/cercledesamateursdubraquedeweimar.com\/wordpress\/wp-content\/uploads\/2024\/04\/Capture-decran-2024-04-30-111548.png\",\"datePublished\":\"2023-09-13T22:06:04+00:00\",\"dateModified\":\"2024-04-30T11:28:24+00:00\",\"description\":\"braque de weimar\",\"breadcrumb\":{\"@id\":\"https:\/\/cercledesamateursdubraquedeweimar.com\/index.php\/trouver-un-eleveur-2\/#breadcrumb\"},\"inLanguage\":\"fr-FR\",\"potentialAction\":[{\"@type\":\"ReadAction\",\"target\":[\"https:\/\/cercledesamateursdubraquedeweimar.com\/index.php\/trouver-un-eleveur-2\/\"]}]},{\"@type\":\"ImageObject\",\"inLanguage\":\"fr-FR\",\"@id\":\"https:\/\/cercledesamateursdubraquedeweimar.com\/index.php\/trouver-un-eleveur-2\/#primaryimage\",\"url\":\"https:\/\/cercledesamateursdubraquedeweimar.com\/wordpress\/wp-content\/uploads\/2024\/04\/Capture-decran-2024-04-30-111548.png\",\"contentUrl\":\"https:\/\/cercledesamateursdubraquedeweimar.com\/wordpress\/wp-content\/uploads\/2024\/04\/Capture-decran-2024-04-30-111548.png\",\"width\":443,\"height\":142},{\"@type\":\"BreadcrumbList\",\"@id\":\"https:\/\/cercledesamateursdubraquedeweimar.com\/index.php\/trouver-un-eleveur-2\/#breadcrumb\",\"itemListElement\":[{\"@type\":\"ListItem\",\"position\":1,\"name\":\"Accueil\",\"item\":\"https:\/\/cercledesamateursdubraquedeweimar.com\/\"},{\"@type\":\"ListItem\",\"position\":2,\"name\":\"Trouver un \u00e9leveur&#8230;.\"}]},{\"@type\":\"WebSite\",\"@id\":\"https:\/\/cercledesamateursdubraquedeweimar.com\/#website\",\"url\":\"https:\/\/cercledesamateursdubraquedeweimar.com\/\",\"name\":\"Cercle des amateurs du braque de weimar\",\"description\":\"Association de propri\u00e9taires de braques de weimar depuis 1978\",\"publisher\":{\"@id\":\"https:\/\/cercledesamateursdubraquedeweimar.com\/#organization\"},\"alternateName\":\"CABW\",\"potentialAction\":[{\"@type\":\"SearchAction\",\"target\":{\"@type\":\"EntryPoint\",\"urlTemplate\":\"https:\/\/cercledesamateursdubraquedeweimar.com\/?s={search_term_string}\"},\"query-input\":{\"@type\":\"PropertyValueSpecification\",\"valueRequired\":true,\"valueName\":\"search_term_string\"}}],\"inLanguage\":\"fr-FR\"},{\"@type\":\"Organization\",\"@id\":\"https:\/\/cercledesamateursdubraquedeweimar.com\/#organization\",\"name\":\"Cercle des Amateurs du Braque de Weimar\",\"alternateName\":\"CABW\",\"url\":\"https:\/\/cercledesamateursdubraquedeweimar.com\/\",\"logo\":{\"@type\":\"ImageObject\",\"inLanguage\":\"fr-FR\",\"@id\":\"https:\/\/cercledesamateursdubraquedeweimar.com\/#\/schema\/logo\/image\/\",\"url\":\"https:\/\/cercledesamateursdubraquedeweimar.com\/wordpress\/wp-content\/uploads\/2025\/05\/cropped-cropped-logoCABW2025vers1.png\",\"contentUrl\":\"https:\/\/cercledesamateursdubraquedeweimar.com\/wordpress\/wp-content\/uploads\/2025\/05\/cropped-cropped-logoCABW2025vers1.png\",\"width\":512,\"height\":512,\"caption\":\"Cercle des Amateurs du Braque de Weimar\"},\"image\":{\"@id\":\"https:\/\/cercledesamateursdubraquedeweimar.com\/#\/schema\/logo\/image\/\"},\"sameAs\":[\"https:\/\/www.facebook.com\/groups\/259081272759375\"]}]}<\/script>\n<!-- \/ Yoast SEO plugin. -->","yoast_head_json":{"title":"Trouver un \u00e9leveur.... | Cercle des Amateurs du Braque de Weimar","description":"braque de weimar","robots":{"index":"index","follow":"follow","max-snippet":"max-snippet:-1","max-image-preview":"max-image-preview:large","max-video-preview":"max-video-preview:-1"},"canonical":"https:\/\/cercledesamateursdubraquedeweimar.com\/index.php\/trouver-un-eleveur-2\/","og_locale":"fr_FR","og_type":"article","og_title":"Trouver un \u00e9leveur.... | Cercle des Amateurs du Braque de Weimar","og_description":"braque de weimar","og_url":"https:\/\/cercledesamateursdubraquedeweimar.com\/index.php\/trouver-un-eleveur-2\/","og_site_name":"Cercle des Amateurs du Braque de Weimar","article_publisher":"https:\/\/www.facebook.com\/groups\/259081272759375","article_modified_time":"2024-04-30T11:28:24+00:00","og_image":[{"url":"https:\/\/cercledesamateursdubraquedeweimar.com\/wordpress\/wp-content\/uploads\/2024\/04\/Capture-decran-2024-04-30-111548.png","type":"","width":"","height":""}],"twitter_card":"summary_large_image","twitter_misc":{"Dur\u00e9e de lecture estim\u00e9e":"1 minute"},"schema":{"@context":"https:\/\/schema.org","@graph":[{"@type":"WebPage","@id":"https:\/\/cercledesamateursdubraquedeweimar.com\/index.php\/trouver-un-eleveur-2\/","url":"https:\/\/cercledesamateursdubraquedeweimar.com\/index.php\/trouver-un-eleveur-2\/","name":"Trouver un \u00e9leveur.... | Cercle des Amateurs du Braque de Weimar","isPartOf":{"@id":"https:\/\/cercledesamateursdubraquedeweimar.com\/#website"},"primaryImageOfPage":{"@id":"https:\/\/cercledesamateursdubraquedeweimar.com\/index.php\/trouver-un-eleveur-2\/#primaryimage"},"image":{"@id":"https:\/\/cercledesamateursdubraquedeweimar.com\/index.php\/trouver-un-eleveur-2\/#primaryimage"},"thumbnailUrl":"https:\/\/cercledesamateursdubraquedeweimar.com\/wordpress\/wp-content\/uploads\/2024\/04\/Capture-decran-2024-04-30-111548.png","datePublished":"2023-09-13T22:06:04+00:00","dateModified":"2024-04-30T11:28:24+00:00","description":"braque de weimar","breadcrumb":{"@id":"https:\/\/cercledesamateursdubraquedeweimar.com\/index.php\/trouver-un-eleveur-2\/#breadcrumb"},"inLanguage":"fr-FR","potentialAction":[{"@type":"ReadAction","target":["https:\/\/cercledesamateursdubraquedeweimar.com\/index.php\/trouver-un-eleveur-2\/"]}]},{"@type":"ImageObject","inLanguage":"fr-FR","@id":"https:\/\/cercledesamateursdubraquedeweimar.com\/index.php\/trouver-un-eleveur-2\/#primaryimage","url":"https:\/\/cercledesamateursdubraquedeweimar.com\/wordpress\/wp-content\/uploads\/2024\/04\/Capture-decran-2024-04-30-111548.png","contentUrl":"https:\/\/cercledesamateursdubraquedeweimar.com\/wordpress\/wp-content\/uploads\/2024\/04\/Capture-decran-2024-04-30-111548.png","width":443,"height":142},{"@type":"BreadcrumbList","@id":"https:\/\/cercledesamateursdubraquedeweimar.com\/index.php\/trouver-un-eleveur-2\/#breadcrumb","itemListElement":[{"@type":"ListItem","position":1,"name":"Accueil","item":"https:\/\/cercledesamateursdubraquedeweimar.com\/"},{"@type":"ListItem","position":2,"name":"Trouver un \u00e9leveur&#8230;."}]},{"@type":"WebSite","@id":"https:\/\/cercledesamateursdubraquedeweimar.com\/#website","url":"https:\/\/cercledesamateursdubraquedeweimar.com\/","name":"Cercle des amateurs du braque de weimar","description":"Association de propri\u00e9taires de braques de weimar depuis 1978","publisher":{"@id":"https:\/\/cercledesamateursdubraquedeweimar.com\/#organization"},"alternateName":"CABW","potentialAction":[{"@type":"SearchAction","target":{"@type":"EntryPoint","urlTemplate":"https:\/\/cercledesamateursdubraquedeweimar.com\/?s={search_term_string}"},"query-input":{"@type":"PropertyValueSpecification","valueRequired":true,"valueName":"search_term_string"}}],"inLanguage":"fr-FR"},{"@type":"Organization","@id":"https:\/\/cercledesamateursdubraquedeweimar.com\/#organization","name":"Cercle des Amateurs du Braque de Weimar","alternateName":"CABW","url":"https:\/\/cercledesamateursdubraquedeweimar.com\/","logo":{"@type":"ImageObject","inLanguage":"fr-FR","@id":"https:\/\/cercledesamateursdubraquedeweimar.com\/#\/schema\/logo\/image\/","url":"https:\/\/cercledesamateursdubraquedeweimar.com\/wordpress\/wp-content\/uploads\/2025\/05\/cropped-cropped-logoCABW2025vers1.png","contentUrl":"https:\/\/cercledesamateursdubraquedeweimar.com\/wordpress\/wp-content\/uploads\/2025\/05\/cropped-cropped-logoCABW2025vers1.png","width":512,"height":512,"caption":"Cercle des Amateurs du Braque de Weimar"},"image":{"@id":"https:\/\/cercledesamateursdubraquedeweimar.com\/#\/schema\/logo\/image\/"},"sameAs":["https:\/\/www.facebook.com\/groups\/259081272759375"]}]}},"_links":{"self":[{"href":"https:\/\/cercledesamateursdubraquedeweimar.com\/index.php\/wp-json\/wp\/v2\/pages\/1017","targetHints":{"allow":["GET"]}}],"collection":[{"href":"https:\/\/cercledesamateursdubraquedeweimar.com\/index.php\/wp-json\/wp\/v2\/pages"}],"about":[{"href":"https:\/\/cercledesamateursdubraquedeweimar.com\/index.php\/wp-json\/wp\/v2\/types\/page"}],"author":[{"embeddable":true,"href":"https:\/\/cercledesamateursdubraquedeweimar.com\/index.php\/wp-json\/wp\/v2\/users\/1"}],"replies":[{"embeddable":true,"href":"https:\/\/cercledesamateursdubraquedeweimar.com\/index.php\/wp-json\/wp\/v2\/comments?post=1017"}],"version-history":[{"count":15,"href":"https:\/\/cercledesamateursdubraquedeweimar.com\/index.php\/wp-json\/wp\/v2\/pages\/1017\/revisions"}],"predecessor-version":[{"id":2953,"href":"https:\/\/cercledesamateursdubraquedeweimar.com\/index.php\/wp-json\/wp\/v2\/pages\/1017\/revisions\/2953"}],"wp:attachment":[{"href":"https:\/\/cercledesamateursdubraquedeweimar.com\/index.php\/wp-json\/wp\/v2\/media?parent=1017"}],"curies":[{"name":"wp","href":"https:\/\/api.w.org\/{rel}","templated":true}]}}