{"id":364,"date":"2023-09-05T18:34:25","date_gmt":"2023-09-05T16:34:25","guid":{"rendered":"https:\/\/cercledesamateursdubraquedeweimar.com\/wordpress\/?page_id=364"},"modified":"2023-12-15T12:30:39","modified_gmt":"2023-12-15T11:30:39","slug":"travail-braque-de-weimar","status":"publish","type":"page","link":"https:\/\/cercledesamateursdubraquedeweimar.com\/index.php\/travail-braque-de-weimar\/","title":{"rendered":"Le travail"},"content":{"rendered":"<style>.wp-block-kadence-advancedheading.kt-adv-heading364_3538f6-e1, .wp-block-kadence-advancedheading.kt-adv-heading364_3538f6-e1[data-kb-block=\"kb-adv-heading364_3538f6-e1\"]{text-align:center;font-size:var(--global-kb-font-size-xl, 3rem);font-weight:600;font-style:normal;font-family:'Hanken Grotesk';}.wp-block-kadence-advancedheading.kt-adv-heading364_3538f6-e1 mark.kt-highlight, .wp-block-kadence-advancedheading.kt-adv-heading364_3538f6-e1[data-kb-block=\"kb-adv-heading364_3538f6-e1\"] mark.kt-highlight{font-style:normal;color:#f76a0c;-webkit-box-decoration-break:clone;box-decoration-break:clone;padding-top:0px;padding-right:0px;padding-bottom:0px;padding-left:0px;}<\/style>\n<h1 class=\"kt-adv-heading364_3538f6-e1 wp-block-kadence-advancedheading has-theme-palette-2-color has-text-color\" data-kb-block=\"kb-adv-heading364_3538f6-e1\">Le travail<br>avec votre braque de weimar<br>poil court | poil long<\/h1>\n\n\n\n<hr class=\"wp-block-separator alignwide has-alpha-channel-opacity\"\/>\n\n\n<style>.wp-block-kadence-advancedbtn.kb-btns364_ddd58d-7f{gap:var(--global-kb-gap-xs, 0.5rem );justify-content:center;align-items:center;}.kt-btns364_ddd58d-7f .kt-button{font-weight:normal;font-style:normal;}.kt-btns364_ddd58d-7f .kt-btn-wrap-0{margin-right:5px;}.wp-block-kadence-advancedbtn.kt-btns364_ddd58d-7f .kt-btn-wrap-0 .kt-button{color:#555555;border-color:#555555;}.wp-block-kadence-advancedbtn.kt-btns364_ddd58d-7f .kt-btn-wrap-0 .kt-button:hover, .wp-block-kadence-advancedbtn.kt-btns364_ddd58d-7f .kt-btn-wrap-0 .kt-button:focus{color:#ffffff;border-color:#444444;}.wp-block-kadence-advancedbtn.kt-btns364_ddd58d-7f .kt-btn-wrap-0 .kt-button::before{display:none;}.wp-block-kadence-advancedbtn.kt-btns364_ddd58d-7f .kt-btn-wrap-0 .kt-button:hover, .wp-block-kadence-advancedbtn.kt-btns364_ddd58d-7f .kt-btn-wrap-0 .kt-button:focus{background:#444444;}<\/style>\n<div class=\"wp-block-kadence-advancedbtn kb-buttons-wrap kb-btns364_ddd58d-7f\"><style>ul.menu .wp-block-kadence-advancedbtn .kb-btn364_90eb5c-bd.kb-button{width:initial;}.wp-block-kadence-advancedbtn .kb-btn364_90eb5c-bd.kb-button{color:var(--global-palette2, #2B6CB0);background:#317ac1;border-top-left-radius:15px;border-top-right-radius:15px;border-bottom-right-radius:15px;border-bottom-left-radius:15px;border-top:1px solid var(--global-palette8, #F7FAFC);border-right:1px solid var(--global-palette8, #F7FAFC);border-bottom:1px solid var(--global-palette8, #F7FAFC);border-left:1px solid var(--global-palette8, #F7FAFC);box-shadow:1px 1px 2px 0px var(--global-palette6, #718096);}@media all and (max-width: 1024px){.wp-block-kadence-advancedbtn .kb-btn364_90eb5c-bd.kb-button{border-top:1px solid var(--global-palette8, #F7FAFC);border-right:1px solid var(--global-palette8, #F7FAFC);border-bottom:1px solid var(--global-palette8, #F7FAFC);border-left:1px solid var(--global-palette8, #F7FAFC);}}@media all and (max-width: 767px){.wp-block-kadence-advancedbtn .kb-btn364_90eb5c-bd.kb-button{border-top:1px solid var(--global-palette8, #F7FAFC);border-right:1px solid var(--global-palette8, #F7FAFC);border-bottom:1px solid var(--global-palette8, #F7FAFC);border-left:1px solid var(--global-palette8, #F7FAFC);}}<\/style><a class=\"kb-button kt-button button kb-btn364_90eb5c-bd kt-btn-size-large kt-btn-width-type-auto kb-btn-global-fill kt-btn-has-text-true kt-btn-has-svg-false wp-block-kadence-singlebtn\" href=\"https:\/\/cercledesamateursdubraquedeweimar.com\/index.php\/standard-du-braque-de-weimar\/\"><span class=\"kt-btn-inner-text\">Standard de travail<\/span><\/a><\/div>\n\n\n\n<hr class=\"wp-block-separator aligncenter has-alpha-channel-opacity\"\/>\n\n\n<style>.wp-block-kadence-advancedheading.kt-adv-heading364_c4de39-52, .wp-block-kadence-advancedheading.kt-adv-heading364_c4de39-52[data-kb-block=\"kb-adv-heading364_c4de39-52\"]{text-align:right;font-size:var(--global-kb-font-size-lg, 2rem);font-weight:600;font-style:normal;font-family:'Hanken Grotesk';}.wp-block-kadence-advancedheading.kt-adv-heading364_c4de39-52 mark.kt-highlight, .wp-block-kadence-advancedheading.kt-adv-heading364_c4de39-52[data-kb-block=\"kb-adv-heading364_c4de39-52\"] mark.kt-highlight{font-style:normal;color:#f76a0c;-webkit-box-decoration-break:clone;box-decoration-break:clone;padding-top:0px;padding-right:0px;padding-bottom:0px;padding-left:0px;}<\/style>\n<h2 class=\"kt-adv-heading364_c4de39-52 wp-block-kadence-advancedheading has-theme-palette-2-color has-text-color\" data-kb-block=\"kb-adv-heading364_c4de39-52\">le TAN<\/h2>\n\n\n\n<p><\/p>\n\n\n<style>.wp-block-kadence-advancedheading.kt-adv-heading364_9671a6-8b, .wp-block-kadence-advancedheading.kt-adv-heading364_9671a6-8b[data-kb-block=\"kb-adv-heading364_9671a6-8b\"]{font-style:normal;}.wp-block-kadence-advancedheading.kt-adv-heading364_9671a6-8b mark.kt-highlight, .wp-block-kadence-advancedheading.kt-adv-heading364_9671a6-8b[data-kb-block=\"kb-adv-heading364_9671a6-8b\"] mark.kt-highlight{font-style:normal;color:#f76a0c;-webkit-box-decoration-break:clone;box-decoration-break:clone;padding-top:0px;padding-right:0px;padding-bottom:0px;padding-left:0px;}<\/style>\n<h3 class=\"kt-adv-heading364_9671a6-8b wp-block-kadence-advancedheading has-theme-palette-2-color has-text-color\" data-kb-block=\"kb-adv-heading364_9671a6-8b\">Le Test d&rsquo;Aptitudes Naturelles (TAN)<\/h3>\n\n\n<style>.wp-block-kadence-advancedheading.kt-adv-heading364_5ebf8e-19, .wp-block-kadence-advancedheading.kt-adv-heading364_5ebf8e-19[data-kb-block=\"kb-adv-heading364_5ebf8e-19\"]{font-size:var(--global-kb-font-size-md, 1.25rem);font-style:normal;}.wp-block-kadence-advancedheading.kt-adv-heading364_5ebf8e-19 mark.kt-highlight, .wp-block-kadence-advancedheading.kt-adv-heading364_5ebf8e-19[data-kb-block=\"kb-adv-heading364_5ebf8e-19\"] mark.kt-highlight{font-style:normal;color:#f76a0c;-webkit-box-decoration-break:clone;box-decoration-break:clone;padding-top:0px;padding-right:0px;padding-bottom:0px;padding-left:0px;}<\/style>\n<p class=\"kt-adv-heading364_5ebf8e-19 wp-block-kadence-advancedheading\" data-kb-block=\"kb-adv-heading364_5ebf8e-19\">C&rsquo;est une \u00e9preuve r\u00e9serv\u00e9e aux chiens \u00e2g\u00e9s de&nbsp;6 mois \u00e0&nbsp; 36 mois, le jour de l&rsquo;examen. Il s&rsquo;agit de Tester les Aptitudes Naturelles du chien \u00e0 la chasse et non son degr\u00e9 de dressage. Le gibier (en g\u00e9n\u00e9ral faisan ou perdrix) est pos\u00e9 au avant l&rsquo;\u00e9preuve.<\/p>\n\n\n\n<hr class=\"wp-block-separator aligncenter has-alpha-channel-opacity\"\/>\n\n\n<style>.wp-block-kadence-advancedheading.kt-adv-heading364_55fc09-b1, .wp-block-kadence-advancedheading.kt-adv-heading364_55fc09-b1[data-kb-block=\"kb-adv-heading364_55fc09-b1\"]{text-align:right;font-size:var(--global-kb-font-size-lg, 2rem);font-weight:600;font-style:normal;font-family:'Hanken Grotesk';}.wp-block-kadence-advancedheading.kt-adv-heading364_55fc09-b1 mark.kt-highlight, .wp-block-kadence-advancedheading.kt-adv-heading364_55fc09-b1[data-kb-block=\"kb-adv-heading364_55fc09-b1\"] mark.kt-highlight{font-style:normal;color:#f76a0c;-webkit-box-decoration-break:clone;box-decoration-break:clone;padding-top:0px;padding-right:0px;padding-bottom:0px;padding-left:0px;}<\/style>\n<h2 class=\"kt-adv-heading364_55fc09-b1 wp-block-kadence-advancedheading has-theme-palette-2-color has-text-color\" data-kb-block=\"kb-adv-heading364_55fc09-b1\">les fields trials<\/h2>\n\n\n<style>.wp-block-kadence-advancedbtn.kb-btns364_dcabde-9b{gap:var(--global-kb-gap-xs, 0.5rem );justify-content:center;align-items:center;}.kt-btns364_dcabde-9b .kt-button{font-weight:normal;font-style:normal;}.kt-btns364_dcabde-9b .kt-btn-wrap-0{margin-right:5px;}.wp-block-kadence-advancedbtn.kt-btns364_dcabde-9b .kt-btn-wrap-0 .kt-button{color:#555555;border-color:#555555;}.wp-block-kadence-advancedbtn.kt-btns364_dcabde-9b .kt-btn-wrap-0 .kt-button:hover, .wp-block-kadence-advancedbtn.kt-btns364_dcabde-9b .kt-btn-wrap-0 .kt-button:focus{color:#ffffff;border-color:#444444;}.wp-block-kadence-advancedbtn.kt-btns364_dcabde-9b .kt-btn-wrap-0 .kt-button::before{display:none;}.wp-block-kadence-advancedbtn.kt-btns364_dcabde-9b .kt-btn-wrap-0 .kt-button:hover, .wp-block-kadence-advancedbtn.kt-btns364_dcabde-9b .kt-btn-wrap-0 .kt-button:focus{background:#444444;}<\/style>\n<div class=\"wp-block-kadence-advancedbtn kb-buttons-wrap kb-btns364_dcabde-9b\"><style>ul.menu .wp-block-kadence-advancedbtn .kb-btn364_70c634-46.kb-button{width:initial;}.wp-block-kadence-advancedbtn .kb-btn364_70c634-46.kb-button{color:var(--global-palette2, #2B6CB0);background:#317ac1;border-top-left-radius:15px;border-top-right-radius:15px;border-bottom-right-radius:15px;border-bottom-left-radius:15px;border-top:1px solid var(--global-palette8, #F7FAFC);border-right:1px solid var(--global-palette8, #F7FAFC);border-bottom:1px solid var(--global-palette8, #F7FAFC);border-left:1px solid var(--global-palette8, #F7FAFC);box-shadow:1px 1px 2px 0px var(--global-palette6, #718096);}@media all and (max-width: 1024px){.wp-block-kadence-advancedbtn .kb-btn364_70c634-46.kb-button{border-top:1px solid var(--global-palette8, #F7FAFC);border-right:1px solid var(--global-palette8, #F7FAFC);border-bottom:1px solid var(--global-palette8, #F7FAFC);border-left:1px solid var(--global-palette8, #F7FAFC);}}@media all and (max-width: 767px){.wp-block-kadence-advancedbtn .kb-btn364_70c634-46.kb-button{border-top:1px solid var(--global-palette8, #F7FAFC);border-right:1px solid var(--global-palette8, #F7FAFC);border-bottom:1px solid var(--global-palette8, #F7FAFC);border-left:1px solid var(--global-palette8, #F7FAFC);}}<\/style><a class=\"kb-button kt-button button kb-btn364_70c634-46 kt-btn-size-large kt-btn-width-type-auto kb-btn-global-fill kt-btn-has-text-true kt-btn-has-svg-false wp-block-kadence-singlebtn\" href=\"https:\/\/cercledesamateursdubraquedeweimar.com\/index.php\/field-trial-2023-braque-de-weimar\/\"><span class=\"kt-btn-inner-text\">R\u00e9sultats Field-Trial Automne 2023<\/span><\/a><\/div>\n\n\n<style>.wp-block-kadence-advancedheading.kt-adv-heading364_fd9f89-ee, .wp-block-kadence-advancedheading.kt-adv-heading364_fd9f89-ee[data-kb-block=\"kb-adv-heading364_fd9f89-ee\"]{font-size:var(--global-kb-font-size-md, 1.25rem);font-style:normal;}.wp-block-kadence-advancedheading.kt-adv-heading364_fd9f89-ee mark.kt-highlight, .wp-block-kadence-advancedheading.kt-adv-heading364_fd9f89-ee[data-kb-block=\"kb-adv-heading364_fd9f89-ee\"] mark.kt-highlight{font-style:normal;color:#f76a0c;-webkit-box-decoration-break:clone;box-decoration-break:clone;padding-top:0px;padding-right:0px;padding-bottom:0px;padding-left:0px;}<\/style>\n<p class=\"kt-adv-heading364_fd9f89-ee wp-block-kadence-advancedheading\" data-kb-block=\"kb-adv-heading364_fd9f89-ee\">Le Braque de Weimar est devenu un chien facile \u00e0 vivre et \u00e0 dresser, sportif et grand chasseur. Lorsque vous avez achet\u00e9 votre jeune Weimar, vous n&rsquo;aviez peut \u00eatre pas id\u00e9e de ses qualit\u00e9s de chasseur. Ou alors, bien que chasseur, vous ne connaissiez pas les concours de travail et leur importance pour le maintien des qualit\u00e9s inh\u00e9rentes \u00e0 la race.<\/p>\n\n\n<style>.wp-block-kadence-advancedheading.kt-adv-heading364_a33f98-5f, .wp-block-kadence-advancedheading.kt-adv-heading364_a33f98-5f[data-kb-block=\"kb-adv-heading364_a33f98-5f\"]{font-weight:600;font-style:normal;font-family:'Hanken Grotesk';}.wp-block-kadence-advancedheading.kt-adv-heading364_a33f98-5f mark.kt-highlight, .wp-block-kadence-advancedheading.kt-adv-heading364_a33f98-5f[data-kb-block=\"kb-adv-heading364_a33f98-5f\"] mark.kt-highlight{font-style:normal;color:#f76a0c;-webkit-box-decoration-break:clone;box-decoration-break:clone;padding-top:0px;padding-right:0px;padding-bottom:0px;padding-left:0px;}<\/style>\n<h3 class=\"kt-adv-heading364_a33f98-5f wp-block-kadence-advancedheading has-theme-palette-2-color has-text-color\" data-kb-block=\"kb-adv-heading364_a33f98-5f\">Le field trial<\/h3>\n\n\n<style>.wp-block-kadence-advancedheading.kt-adv-heading364_8f4c22-7d, .wp-block-kadence-advancedheading.kt-adv-heading364_8f4c22-7d[data-kb-block=\"kb-adv-heading364_8f4c22-7d\"]{font-size:var(--global-kb-font-size-md, 1.25rem);font-style:normal;}.wp-block-kadence-advancedheading.kt-adv-heading364_8f4c22-7d mark.kt-highlight, .wp-block-kadence-advancedheading.kt-adv-heading364_8f4c22-7d[data-kb-block=\"kb-adv-heading364_8f4c22-7d\"] mark.kt-highlight{font-style:normal;color:#f76a0c;-webkit-box-decoration-break:clone;box-decoration-break:clone;padding-top:0px;padding-right:0px;padding-bottom:0px;padding-left:0px;}<\/style>\n<p class=\"kt-adv-heading364_8f4c22-7d wp-block-kadence-advancedheading\" data-kb-block=\"kb-adv-heading364_8f4c22-7d\">Les concours de travail sont \u00e9galement nomm\u00e9s field-trial. Ces concours sont organis\u00e9s par les Soci\u00e9t\u00e9s Canines R\u00e9gionales et par les clubs de race, toujours sous le patronage de la Soci\u00e9t\u00e9 Centrale Canine. Le calendrier officiel des fields est \u00e9tabli par cette derni\u00e8re.<\/p>\n\n\n<style>.wp-block-kadence-advancedheading.kt-adv-heading364_dce05e-e8, .wp-block-kadence-advancedheading.kt-adv-heading364_dce05e-e8[data-kb-block=\"kb-adv-heading364_dce05e-e8\"]{font-weight:600;font-style:normal;font-family:'Hanken Grotesk';}.wp-block-kadence-advancedheading.kt-adv-heading364_dce05e-e8 mark.kt-highlight, .wp-block-kadence-advancedheading.kt-adv-heading364_dce05e-e8[data-kb-block=\"kb-adv-heading364_dce05e-e8\"] mark.kt-highlight{font-style:normal;color:#f76a0c;-webkit-box-decoration-break:clone;box-decoration-break:clone;padding-top:0px;padding-right:0px;padding-bottom:0px;padding-left:0px;}<\/style>\n<h3 class=\"kt-adv-heading364_dce05e-e8 wp-block-kadence-advancedheading has-theme-palette-2-color has-text-color\" data-kb-block=\"kb-adv-heading364_dce05e-e8\">Son utilit\u00e9<\/h3>\n\n\n<style>.wp-block-kadence-advancedheading.kt-adv-heading364_169806-27, .wp-block-kadence-advancedheading.kt-adv-heading364_169806-27[data-kb-block=\"kb-adv-heading364_169806-27\"]{font-size:var(--global-kb-font-size-md, 1.25rem);font-style:normal;}.wp-block-kadence-advancedheading.kt-adv-heading364_169806-27 mark.kt-highlight, .wp-block-kadence-advancedheading.kt-adv-heading364_169806-27[data-kb-block=\"kb-adv-heading364_169806-27\"] mark.kt-highlight{font-style:normal;color:#f76a0c;-webkit-box-decoration-break:clone;box-decoration-break:clone;padding-top:0px;padding-right:0px;padding-bottom:0px;padding-left:0px;}<\/style>\n<p class=\"kt-adv-heading364_169806-27 wp-block-kadence-advancedheading\" data-kb-block=\"kb-adv-heading364_169806-27\">Il s&rsquo;agit au travers de ces \u00e9preuves de travailler :<\/p>\n\n\n\n<ul class=\"wp-block-list\">\n<li style=\"font-size:20px\">Au maintien et \u00e0 l&rsquo;am\u00e9lioration des qualit\u00e9s de chasse inh\u00e9rentes au chien.<\/li>\n\n\n\n<li style=\"font-size:20px\">A la d\u00e9couverte dans le cheptel des sujets poss\u00e9dant \u00a0\u00bb un potentiel \u00ab\u00a0.<\/li>\n\n\n\n<li style=\"font-size:20px\">A la reconnaissance (notamment par le biais de l&rsquo;attribution du titre de trialer) de ces chiens de qualit\u00e9 en vue de leur \u00e9ventuelle utilisation \u00e0 la reproduction.<\/li>\n<\/ul>\n\n\n<style>.wp-block-kadence-advancedheading.kt-adv-heading364_7ece84-e1, .wp-block-kadence-advancedheading.kt-adv-heading364_7ece84-e1[data-kb-block=\"kb-adv-heading364_7ece84-e1\"]{font-weight:600;font-style:normal;font-family:'Hanken Grotesk';}.wp-block-kadence-advancedheading.kt-adv-heading364_7ece84-e1 mark.kt-highlight, .wp-block-kadence-advancedheading.kt-adv-heading364_7ece84-e1[data-kb-block=\"kb-adv-heading364_7ece84-e1\"] mark.kt-highlight{font-style:normal;color:#f76a0c;-webkit-box-decoration-break:clone;box-decoration-break:clone;padding-top:0px;padding-right:0px;padding-bottom:0px;padding-left:0px;}<\/style>\n<h3 class=\"kt-adv-heading364_7ece84-e1 wp-block-kadence-advancedheading has-theme-palette-2-color has-text-color\" data-kb-block=\"kb-adv-heading364_7ece84-e1\">L&rsquo;\u00e2ge du chien<\/h3>\n\n\n<style>.wp-block-kadence-advancedheading.kt-adv-heading364_18d2fe-59, .wp-block-kadence-advancedheading.kt-adv-heading364_18d2fe-59[data-kb-block=\"kb-adv-heading364_18d2fe-59\"]{font-size:var(--global-kb-font-size-md, 1.25rem);font-style:normal;}.wp-block-kadence-advancedheading.kt-adv-heading364_18d2fe-59 mark.kt-highlight, .wp-block-kadence-advancedheading.kt-adv-heading364_18d2fe-59[data-kb-block=\"kb-adv-heading364_18d2fe-59\"] mark.kt-highlight{font-style:normal;color:#f76a0c;-webkit-box-decoration-break:clone;box-decoration-break:clone;padding-top:0px;padding-right:0px;padding-bottom:0px;padding-left:0px;}<\/style>\n<p class=\"kt-adv-heading364_18d2fe-59 wp-block-kadence-advancedheading\" data-kb-block=\"kb-adv-heading364_18d2fe-59\">Il n&rsquo;y a pas \u00e0 priori d&rsquo;\u00e2ge limite ou id\u00e9al pour emmener votre Braque de Weimar \u00e0 la d\u00e9couverte du gibier et de ses qualit\u00e9s de chasse. Plus vous commencerez jeune, plus votre chien aura le temps de d\u00e9velopper ses capacit\u00e9s. Par contre, n&rsquo;oubliez pas non plus qu&rsquo;un chien a besoin de temps et \u00e9galement de maturit\u00e9 pour se r\u00e9v\u00e9ler. Pour le TAN (Test d&rsquo;aptitudes Naturelles) le jeune chien doit \u00eatre \u00e2g\u00e9 de 6 \u00e0 36 mois.&nbsp;<\/p>\n\n\n<style>.wp-block-kadence-advancedheading.kt-adv-heading364_9f7389-cf, .wp-block-kadence-advancedheading.kt-adv-heading364_9f7389-cf[data-kb-block=\"kb-adv-heading364_9f7389-cf\"]{font-weight:600;font-style:normal;font-family:'Hanken Grotesk';}.wp-block-kadence-advancedheading.kt-adv-heading364_9f7389-cf mark.kt-highlight, .wp-block-kadence-advancedheading.kt-adv-heading364_9f7389-cf[data-kb-block=\"kb-adv-heading364_9f7389-cf\"] mark.kt-highlight{font-style:normal;color:#f76a0c;-webkit-box-decoration-break:clone;box-decoration-break:clone;padding-top:0px;padding-right:0px;padding-bottom:0px;padding-left:0px;}<\/style>\n<h3 class=\"kt-adv-heading364_9f7389-cf wp-block-kadence-advancedheading has-theme-palette-2-color has-text-color\" data-kb-block=\"kb-adv-heading364_9f7389-cf\">D\u00e9roulement<\/h3>\n\n\n<style>.wp-block-kadence-advancedheading.kt-adv-heading364_43529c-7e, .wp-block-kadence-advancedheading.kt-adv-heading364_43529c-7e[data-kb-block=\"kb-adv-heading364_43529c-7e\"]{font-size:var(--global-kb-font-size-md, 1.25rem);font-style:normal;}.wp-block-kadence-advancedheading.kt-adv-heading364_43529c-7e mark.kt-highlight, .wp-block-kadence-advancedheading.kt-adv-heading364_43529c-7e[data-kb-block=\"kb-adv-heading364_43529c-7e\"] mark.kt-highlight{font-style:normal;color:#f76a0c;-webkit-box-decoration-break:clone;box-decoration-break:clone;padding-top:0px;padding-right:0px;padding-bottom:0px;padding-left:0px;}<\/style>\n<p class=\"kt-adv-heading364_43529c-7e wp-block-kadence-advancedheading\" data-kb-block=\"kb-adv-heading364_43529c-7e\">Sur du gibier \u00e0 plumes (faisan, perdreau,, \u2026) pos\u00e9 au pr\u00e9alable ou sur gibier naturel (b\u00e9casses, b\u00e9cassines, dans un terrain d\u00e9termin\u00e9 (bois, plaine, friches\u2026), votre chien dispose d&rsquo;un quart d&rsquo;heure pour trouver le gibier, l&rsquo;arr\u00eater, \u00eatre sage \u00e0 l&rsquo;envol de celui-ci et au coup de feu, et de vous le rapporter \u00e0 l&rsquo;ordre. Si votre compagnon ex\u00e9cute cela avec brio, il pourra \u00eatre class\u00e9 par le juge qui aura suivi son parcours.<\/p>\n\n\n<style>.kb-gallery-id-364_798a0e-3e.kb-gallery-ul.kb-gallery-type-fluidcarousel .kt-blocks-carousel figure .kb-gal-image-radius, .kb-gallery-id-364_798a0e-3e.kb-gallery-ul.kb-gallery-type-fluidcarousel .kt-blocks-carousel figure .kb-gal-image-radius img{height:300px;}.kb-gallery-id-364_798a0e-3e .kadence-blocks-gallery-item .kb-gal-image-radius, .kb-gallery-id-364_798a0e-3e .kb-slide-item .kb-gal-image-radius img{border-radius:15px 15px 15px 15px;;}.wp-block-kadence-advancedgallery.kb-gallery-wrap-id-364_798a0e-3e{overflow:visible;}.kb-gallery-id-364_798a0e-3e .kadence-blocks-gallery-item .kb-gal-image-radius, .kb-gallery-id-364_798a0e-3e .kadence-blocks-gallery-thumb-item .kb-gal-image-radius{box-shadow:4px 2px 14px 0px var(--global-palette6, #718096);}.kb-gallery-id-364_798a0e-3e .kadence-blocks-gallery-item:hover .kb-gal-image-radius, .kb-gallery-id-364_798a0e-3e .kadence-blocks-gallery-thumb-item:hover .kb-gal-image-radius{box-shadow:4px 2px 14px 0px rgba(0, 0, 0, 0.2);}.kb-gallery-caption-style-bottom.kb-gallery-id-364_798a0e-3e .kadence-blocks-gallery-item .kadence-blocks-gallery-item-inner .kadence-blocks-gallery-item__caption, .kb-gallery-caption-style-bottom-hover.kb-gallery-id-364_798a0e-3e .kadence-blocks-gallery-item .kadence-blocks-gallery-item-inner .kadence-blocks-gallery-item__caption{background:linear-gradient(0deg, rgba(0, 0, 0, 0.5) 0, rgba(0, 0, 0, 0) 100%);}.kb-gallery-wrap-id-364_798a0e-3e.wp-block-kadence-advancedgallery{overflow:visible;}.kb-gallery-wrap-id-364_798a0e-3e.wp-block-kadence-advancedgallery .kt-blocks-carousel{overflow:visible;max-width:100%;}<\/style><div class=\"kb-gallery-wrap-id-364_798a0e-3e alignnone wp-block-kadence-advancedgallery\"><div class=\"kb-gallery-ul kb-gallery-non-static kb-gallery-type-fluidcarousel kb-gallery-id-364_798a0e-3e kb-gallery-caption-style-bottom-hover kb-gallery-filter-none\" data-image-filter=\"none\" data-lightbox-caption=\"true\"><div class=\"kt-blocks-carousel kt-carousel-container-dotstyle-dark\"><div class=\"kt-blocks-carousel-init kb-blocks-fluid-carousel kt-carousel-arrowstyle-whiteondark kt-carousel-dotstyle-dark kb-slider-group-arrow kb-slider-arrow-position-center\" data-slider-anim-speed=\"1740\" data-slider-scroll=\"1\" data-slider-arrows=\"true\" data-slider-dots=\"true\" data-slider-hover-pause=\"false\" data-slider-auto=\"1\" data-slider-speed=\"5210\" data-slider-type=\"fluidcarousel\" data-slider-center-mode=\"true\" data-slider-gap=\"10px\" data-slider-gap-tablet=\"10px\" data-slider-gap-mobile=\"10px\"><div class=\"kb-slide-item kb-gallery-carousel-item\"><div class=\"kadence-blocks-gallery-item\"><div class=\"kadence-blocks-gallery-item-inner\"><figure class=\"kb-gallery-figure kadence-blocks-gallery-item-has-caption\" \"><div class=\"kb-gal-image-radius\"><div class=\"kb-gallery-image-contain\" ><img loading=\"lazy\" decoding=\"async\" src=\"https:\/\/cercledesamateursdubraquedeweimar.com\/wordpress\/wp-content\/uploads\/2023\/09\/arrivee-des-concurents-a-la-salle-des-fetes.jpg\" width=\"640\" height=\"480\" alt=\"\" data-full-image=\"https:\/\/cercledesamateursdubraquedeweimar.com\/wordpress\/wp-content\/uploads\/2023\/09\/arrivee-des-concurents-a-la-salle-des-fetes.jpg\" data-light-image=\"https:\/\/cercledesamateursdubraquedeweimar.com\/wordpress\/wp-content\/uploads\/2023\/09\/arrivee-des-concurents-a-la-salle-des-fetes.jpg\" data-id=\"638\" class=\"wp-image-638 skip-lazy\" srcset=\"https:\/\/cercledesamateursdubraquedeweimar.com\/wordpress\/wp-content\/uploads\/2023\/09\/arrivee-des-concurents-a-la-salle-des-fetes.jpg 640w, https:\/\/cercledesamateursdubraquedeweimar.com\/wordpress\/wp-content\/uploads\/2023\/09\/arrivee-des-concurents-a-la-salle-des-fetes-300x225.jpg 300w\" sizes=\"auto, (max-width: 640px) 100vw, 640px\" \/><\/div><div class=\"kadence-blocks-gallery-item__caption\">arriv\u00e9e des concurents au lieu de RDV <\/div><\/div><\/figure><\/div><\/div><\/div><div class=\"kb-slide-item kb-gallery-carousel-item\"><div class=\"kadence-blocks-gallery-item\"><div class=\"kadence-blocks-gallery-item-inner\"><figure class=\"kb-gallery-figure kadence-blocks-gallery-item-has-caption\" \"><div class=\"kb-gal-image-radius\"><div class=\"kb-gallery-image-contain\" ><img loading=\"lazy\" decoding=\"async\" src=\"https:\/\/cercledesamateursdubraquedeweimar.com\/wordpress\/wp-content\/uploads\/2023\/09\/appel-des-concurents-par-le-juge.jpg\" width=\"640\" height=\"480\" alt=\"\" data-full-image=\"https:\/\/cercledesamateursdubraquedeweimar.com\/wordpress\/wp-content\/uploads\/2023\/09\/appel-des-concurents-par-le-juge.jpg\" data-light-image=\"https:\/\/cercledesamateursdubraquedeweimar.com\/wordpress\/wp-content\/uploads\/2023\/09\/appel-des-concurents-par-le-juge.jpg\" data-id=\"637\" class=\"wp-image-637 skip-lazy\" srcset=\"https:\/\/cercledesamateursdubraquedeweimar.com\/wordpress\/wp-content\/uploads\/2023\/09\/appel-des-concurents-par-le-juge.jpg 640w, https:\/\/cercledesamateursdubraquedeweimar.com\/wordpress\/wp-content\/uploads\/2023\/09\/appel-des-concurents-par-le-juge-300x225.jpg 300w\" sizes=\"auto, (max-width: 640px) 100vw, 640px\" \/><\/div><div class=\"kadence-blocks-gallery-item__caption\">appel des concurrents par le juge (avant de partir sur le terrain)<\/div><\/div><\/figure><\/div><\/div><\/div><div class=\"kb-slide-item kb-gallery-carousel-item\"><div class=\"kadence-blocks-gallery-item\"><div class=\"kadence-blocks-gallery-item-inner\"><figure class=\"kb-gallery-figure kadence-blocks-gallery-item-has-caption\" \"><div class=\"kb-gal-image-radius\"><div class=\"kb-gallery-image-contain\" ><img loading=\"lazy\" decoding=\"async\" src=\"https:\/\/cercledesamateursdubraquedeweimar.com\/wordpress\/wp-content\/uploads\/2023\/09\/depart-sur-le-terrain-2-1024x768.jpg\" width=\"1024\" height=\"768\" alt=\"\" data-full-image=\"https:\/\/cercledesamateursdubraquedeweimar.com\/wordpress\/wp-content\/uploads\/2023\/09\/depart-sur-le-terrain-2.jpg\" data-light-image=\"https:\/\/cercledesamateursdubraquedeweimar.com\/wordpress\/wp-content\/uploads\/2023\/09\/depart-sur-le-terrain-2.jpg\" data-id=\"635\" class=\"wp-image-635 skip-lazy\" srcset=\"https:\/\/cercledesamateursdubraquedeweimar.com\/wordpress\/wp-content\/uploads\/2023\/09\/depart-sur-le-terrain-2-1024x768.jpg 1024w, https:\/\/cercledesamateursdubraquedeweimar.com\/wordpress\/wp-content\/uploads\/2023\/09\/depart-sur-le-terrain-2-300x225.jpg 300w, https:\/\/cercledesamateursdubraquedeweimar.com\/wordpress\/wp-content\/uploads\/2023\/09\/depart-sur-le-terrain-2-768x576.jpg 768w, https:\/\/cercledesamateursdubraquedeweimar.com\/wordpress\/wp-content\/uploads\/2023\/09\/depart-sur-le-terrain-2-1536x1152.jpg 1536w, https:\/\/cercledesamateursdubraquedeweimar.com\/wordpress\/wp-content\/uploads\/2023\/09\/depart-sur-le-terrain-2.jpg 2048w\" sizes=\"auto, (max-width: 1024px) 100vw, 1024px\" \/><\/div><div class=\"kadence-blocks-gallery-item__caption\">d\u00e9part sur le terrain<\/div><\/div><\/figure><\/div><\/div><\/div><div class=\"kb-slide-item kb-gallery-carousel-item\"><div class=\"kadence-blocks-gallery-item\"><div class=\"kadence-blocks-gallery-item-inner\"><figure class=\"kb-gallery-figure kadence-blocks-gallery-item-has-caption\" \"><div class=\"kb-gal-image-radius\"><div class=\"kb-gallery-image-contain\" ><img loading=\"lazy\" decoding=\"async\" src=\"https:\/\/cercledesamateursdubraquedeweimar.com\/wordpress\/wp-content\/uploads\/2023\/09\/parcours-du-chien-2-1024x768.jpg\" width=\"1024\" height=\"768\" alt=\"\" data-full-image=\"https:\/\/cercledesamateursdubraquedeweimar.com\/wordpress\/wp-content\/uploads\/2023\/09\/parcours-du-chien-2.jpg\" data-light-image=\"https:\/\/cercledesamateursdubraquedeweimar.com\/wordpress\/wp-content\/uploads\/2023\/09\/parcours-du-chien-2.jpg\" data-id=\"630\" class=\"wp-image-630 skip-lazy\" srcset=\"https:\/\/cercledesamateursdubraquedeweimar.com\/wordpress\/wp-content\/uploads\/2023\/09\/parcours-du-chien-2-1024x768.jpg 1024w, https:\/\/cercledesamateursdubraquedeweimar.com\/wordpress\/wp-content\/uploads\/2023\/09\/parcours-du-chien-2-300x225.jpg 300w, https:\/\/cercledesamateursdubraquedeweimar.com\/wordpress\/wp-content\/uploads\/2023\/09\/parcours-du-chien-2-768x576.jpg 768w, https:\/\/cercledesamateursdubraquedeweimar.com\/wordpress\/wp-content\/uploads\/2023\/09\/parcours-du-chien-2-1536x1152.jpg 1536w, https:\/\/cercledesamateursdubraquedeweimar.com\/wordpress\/wp-content\/uploads\/2023\/09\/parcours-du-chien-2.jpg 2048w\" sizes=\"auto, (max-width: 1024px) 100vw, 1024px\" \/><\/div><div class=\"kadence-blocks-gallery-item__caption\">parcours du chien<\/div><\/div><\/figure><\/div><\/div><\/div><div class=\"kb-slide-item kb-gallery-carousel-item\"><div class=\"kadence-blocks-gallery-item\"><div class=\"kadence-blocks-gallery-item-inner\"><figure class=\"kb-gallery-figure kadence-blocks-gallery-item-has-caption\" \"><div class=\"kb-gal-image-radius\"><div class=\"kb-gallery-image-contain\" ><img loading=\"lazy\" decoding=\"async\" src=\"https:\/\/cercledesamateursdubraquedeweimar.com\/wordpress\/wp-content\/uploads\/2023\/09\/depart-sur-le-terrain-1-768x1024.jpg\" width=\"768\" height=\"1024\" alt=\"\" data-full-image=\"https:\/\/cercledesamateursdubraquedeweimar.com\/wordpress\/wp-content\/uploads\/2023\/09\/depart-sur-le-terrain-1.jpg\" data-light-image=\"https:\/\/cercledesamateursdubraquedeweimar.com\/wordpress\/wp-content\/uploads\/2023\/09\/depart-sur-le-terrain-1.jpg\" data-id=\"636\" class=\"wp-image-636 skip-lazy\" srcset=\"https:\/\/cercledesamateursdubraquedeweimar.com\/wordpress\/wp-content\/uploads\/2023\/09\/depart-sur-le-terrain-1-768x1024.jpg 768w, https:\/\/cercledesamateursdubraquedeweimar.com\/wordpress\/wp-content\/uploads\/2023\/09\/depart-sur-le-terrain-1-225x300.jpg 225w, https:\/\/cercledesamateursdubraquedeweimar.com\/wordpress\/wp-content\/uploads\/2023\/09\/depart-sur-le-terrain-1-1152x1536.jpg 1152w, https:\/\/cercledesamateursdubraquedeweimar.com\/wordpress\/wp-content\/uploads\/2023\/09\/depart-sur-le-terrain-1.jpg 1536w\" sizes=\"auto, (max-width: 768px) 100vw, 768px\" \/><\/div><div class=\"kadence-blocks-gallery-item__caption\">en attendant son tour&#8230;.<\/div><\/div><\/figure><\/div><\/div><\/div><div class=\"kb-slide-item kb-gallery-carousel-item\"><div class=\"kadence-blocks-gallery-item\"><div class=\"kadence-blocks-gallery-item-inner\"><figure class=\"kb-gallery-figure kadence-blocks-gallery-item-has-caption\" \"><div class=\"kb-gal-image-radius\"><div class=\"kb-gallery-image-contain\" ><img loading=\"lazy\" decoding=\"async\" src=\"https:\/\/cercledesamateursdubraquedeweimar.com\/wordpress\/wp-content\/uploads\/2023\/09\/parcours-du-chien-dans-les-betteraves-1024x768.jpg\" width=\"1024\" height=\"768\" alt=\"\" data-full-image=\"https:\/\/cercledesamateursdubraquedeweimar.com\/wordpress\/wp-content\/uploads\/2023\/09\/parcours-du-chien-dans-les-betteraves.jpg\" data-light-image=\"https:\/\/cercledesamateursdubraquedeweimar.com\/wordpress\/wp-content\/uploads\/2023\/09\/parcours-du-chien-dans-les-betteraves.jpg\" data-id=\"631\" class=\"wp-image-631 skip-lazy\" srcset=\"https:\/\/cercledesamateursdubraquedeweimar.com\/wordpress\/wp-content\/uploads\/2023\/09\/parcours-du-chien-dans-les-betteraves-1024x768.jpg 1024w, https:\/\/cercledesamateursdubraquedeweimar.com\/wordpress\/wp-content\/uploads\/2023\/09\/parcours-du-chien-dans-les-betteraves-300x225.jpg 300w, https:\/\/cercledesamateursdubraquedeweimar.com\/wordpress\/wp-content\/uploads\/2023\/09\/parcours-du-chien-dans-les-betteraves-768x576.jpg 768w, https:\/\/cercledesamateursdubraquedeweimar.com\/wordpress\/wp-content\/uploads\/2023\/09\/parcours-du-chien-dans-les-betteraves-1536x1152.jpg 1536w, https:\/\/cercledesamateursdubraquedeweimar.com\/wordpress\/wp-content\/uploads\/2023\/09\/parcours-du-chien-dans-les-betteraves.jpg 2048w\" sizes=\"auto, (max-width: 1024px) 100vw, 1024px\" \/><\/div><div class=\"kadence-blocks-gallery-item__caption\">parcours du chien dans les betteraves<\/div><\/div><\/figure><\/div><\/div><\/div><div class=\"kb-slide-item kb-gallery-carousel-item\"><div class=\"kadence-blocks-gallery-item\"><div class=\"kadence-blocks-gallery-item-inner\"><figure class=\"kb-gallery-figure kadence-blocks-gallery-item-has-caption\" \"><div class=\"kb-gal-image-radius\"><div class=\"kb-gallery-image-contain\" ><img loading=\"lazy\" decoding=\"async\" src=\"https:\/\/cercledesamateursdubraquedeweimar.com\/wordpress\/wp-content\/uploads\/2023\/09\/resultats-du-concours-commente-par-le-juge-1024x768.jpg\" width=\"1024\" height=\"768\" alt=\"field trial les r\u00e9sultats\" data-full-image=\"https:\/\/cercledesamateursdubraquedeweimar.com\/wordpress\/wp-content\/uploads\/2023\/09\/resultats-du-concours-commente-par-le-juge.jpg\" data-light-image=\"https:\/\/cercledesamateursdubraquedeweimar.com\/wordpress\/wp-content\/uploads\/2023\/09\/resultats-du-concours-commente-par-le-juge.jpg\" data-id=\"629\" class=\"wp-image-629 skip-lazy\" srcset=\"https:\/\/cercledesamateursdubraquedeweimar.com\/wordpress\/wp-content\/uploads\/2023\/09\/resultats-du-concours-commente-par-le-juge-1024x768.jpg 1024w, https:\/\/cercledesamateursdubraquedeweimar.com\/wordpress\/wp-content\/uploads\/2023\/09\/resultats-du-concours-commente-par-le-juge-300x225.jpg 300w, https:\/\/cercledesamateursdubraquedeweimar.com\/wordpress\/wp-content\/uploads\/2023\/09\/resultats-du-concours-commente-par-le-juge-768x576.jpg 768w, https:\/\/cercledesamateursdubraquedeweimar.com\/wordpress\/wp-content\/uploads\/2023\/09\/resultats-du-concours-commente-par-le-juge-1536x1152.jpg 1536w, https:\/\/cercledesamateursdubraquedeweimar.com\/wordpress\/wp-content\/uploads\/2023\/09\/resultats-du-concours-commente-par-le-juge.jpg 2000w\" sizes=\"auto, (max-width: 1024px) 100vw, 1024px\" \/><\/div><div class=\"kadence-blocks-gallery-item__caption\">resultats du concours comment\u00e9 par le juge<\/div><\/div><\/figure><\/div><\/div><\/div><div class=\"kb-slide-item kb-gallery-carousel-item\"><div class=\"kadence-blocks-gallery-item\"><div class=\"kadence-blocks-gallery-item-inner\"><figure class=\"kb-gallery-figure kadence-blocks-gallery-item-has-caption\" \"><div class=\"kb-gal-image-radius\"><div class=\"kb-gallery-image-contain\" ><img loading=\"lazy\" decoding=\"async\" src=\"https:\/\/cercledesamateursdubraquedeweimar.com\/wordpress\/wp-content\/uploads\/2023\/09\/fin-du-concours-commentaires-et-resultats-par-le-juge-768x1024.jpg\" width=\"768\" height=\"1024\" alt=\"\" data-full-image=\"https:\/\/cercledesamateursdubraquedeweimar.com\/wordpress\/wp-content\/uploads\/2023\/09\/fin-du-concours-commentaires-et-resultats-par-le-juge.jpg\" data-light-image=\"https:\/\/cercledesamateursdubraquedeweimar.com\/wordpress\/wp-content\/uploads\/2023\/09\/fin-du-concours-commentaires-et-resultats-par-le-juge.jpg\" data-id=\"633\" class=\"wp-image-633 skip-lazy\" srcset=\"https:\/\/cercledesamateursdubraquedeweimar.com\/wordpress\/wp-content\/uploads\/2023\/09\/fin-du-concours-commentaires-et-resultats-par-le-juge-768x1024.jpg 768w, https:\/\/cercledesamateursdubraquedeweimar.com\/wordpress\/wp-content\/uploads\/2023\/09\/fin-du-concours-commentaires-et-resultats-par-le-juge-225x300.jpg 225w, https:\/\/cercledesamateursdubraquedeweimar.com\/wordpress\/wp-content\/uploads\/2023\/09\/fin-du-concours-commentaires-et-resultats-par-le-juge-1152x1536.jpg 1152w, https:\/\/cercledesamateursdubraquedeweimar.com\/wordpress\/wp-content\/uploads\/2023\/09\/fin-du-concours-commentaires-et-resultats-par-le-juge.jpg 1500w\" sizes=\"auto, (max-width: 768px) 100vw, 768px\" \/><\/div><div class=\"kadence-blocks-gallery-item__caption\">commentaires et r\u00e9sultats par le juge<\/div><\/div><\/figure><\/div><\/div><\/div><div class=\"kb-slide-item kb-gallery-carousel-item\"><div class=\"kadence-blocks-gallery-item\"><div class=\"kadence-blocks-gallery-item-inner\"><figure class=\"kb-gallery-figure kadence-blocks-gallery-item-has-caption\" \"><div class=\"kb-gal-image-radius\"><div class=\"kb-gallery-image-contain\" ><img loading=\"lazy\" decoding=\"async\" src=\"https:\/\/cercledesamateursdubraquedeweimar.com\/wordpress\/wp-content\/uploads\/2023\/09\/fin-du-concours-1024x768.jpg\" width=\"1024\" height=\"768\" alt=\"\" data-full-image=\"https:\/\/cercledesamateursdubraquedeweimar.com\/wordpress\/wp-content\/uploads\/2023\/09\/fin-du-concours.jpg\" data-light-image=\"https:\/\/cercledesamateursdubraquedeweimar.com\/wordpress\/wp-content\/uploads\/2023\/09\/fin-du-concours.jpg\" data-id=\"632\" class=\"wp-image-632 skip-lazy\" srcset=\"https:\/\/cercledesamateursdubraquedeweimar.com\/wordpress\/wp-content\/uploads\/2023\/09\/fin-du-concours-1024x768.jpg 1024w, https:\/\/cercledesamateursdubraquedeweimar.com\/wordpress\/wp-content\/uploads\/2023\/09\/fin-du-concours-300x225.jpg 300w, https:\/\/cercledesamateursdubraquedeweimar.com\/wordpress\/wp-content\/uploads\/2023\/09\/fin-du-concours-768x576.jpg 768w, https:\/\/cercledesamateursdubraquedeweimar.com\/wordpress\/wp-content\/uploads\/2023\/09\/fin-du-concours-1536x1152.jpg 1536w, https:\/\/cercledesamateursdubraquedeweimar.com\/wordpress\/wp-content\/uploads\/2023\/09\/fin-du-concours.jpg 2048w\" sizes=\"auto, (max-width: 1024px) 100vw, 1024px\" \/><\/div><div class=\"kadence-blocks-gallery-item__caption\">fin du concours<\/div><\/div><\/figure><\/div><\/div><\/div><div class=\"kb-slide-item kb-gallery-carousel-item\"><div class=\"kadence-blocks-gallery-item\"><div class=\"kadence-blocks-gallery-item-inner\"><figure class=\"kb-gallery-figure kadence-blocks-gallery-item-has-caption\" \"><div class=\"kb-gal-image-radius\"><div class=\"kb-gallery-image-contain\" ><img loading=\"lazy\" decoding=\"async\" src=\"https:\/\/cercledesamateursdubraquedeweimar.com\/wordpress\/wp-content\/uploads\/2023\/09\/exemples-de-terrain-de-field-gibier-naturel-1024x768.jpg\" width=\"1024\" height=\"768\" alt=\"\" data-full-image=\"https:\/\/cercledesamateursdubraquedeweimar.com\/wordpress\/wp-content\/uploads\/2023\/09\/exemples-de-terrain-de-field-gibier-naturel.jpg\" data-light-image=\"https:\/\/cercledesamateursdubraquedeweimar.com\/wordpress\/wp-content\/uploads\/2023\/09\/exemples-de-terrain-de-field-gibier-naturel.jpg\" data-id=\"634\" class=\"wp-image-634 skip-lazy\" srcset=\"https:\/\/cercledesamateursdubraquedeweimar.com\/wordpress\/wp-content\/uploads\/2023\/09\/exemples-de-terrain-de-field-gibier-naturel-1024x768.jpg 1024w, https:\/\/cercledesamateursdubraquedeweimar.com\/wordpress\/wp-content\/uploads\/2023\/09\/exemples-de-terrain-de-field-gibier-naturel-300x225.jpg 300w, https:\/\/cercledesamateursdubraquedeweimar.com\/wordpress\/wp-content\/uploads\/2023\/09\/exemples-de-terrain-de-field-gibier-naturel-768x576.jpg 768w, https:\/\/cercledesamateursdubraquedeweimar.com\/wordpress\/wp-content\/uploads\/2023\/09\/exemples-de-terrain-de-field-gibier-naturel-1536x1152.jpg 1536w, https:\/\/cercledesamateursdubraquedeweimar.com\/wordpress\/wp-content\/uploads\/2023\/09\/exemples-de-terrain-de-field-gibier-naturel.jpg 2048w\" sizes=\"auto, (max-width: 1024px) 100vw, 1024px\" \/><\/div><div class=\"kadence-blocks-gallery-item__caption\">exemples de terrain de field gibier naturel<\/div><\/div><\/figure><\/div><\/div><\/div><\/div><\/div><\/div><\/div>\n\n\n<p><\/p>\n\n\n<style>.wp-block-kadence-advancedheading.kt-adv-heading364_6ba36c-2c, .wp-block-kadence-advancedheading.kt-adv-heading364_6ba36c-2c[data-kb-block=\"kb-adv-heading364_6ba36c-2c\"]{font-size:var(--global-kb-font-size-md, 1.25rem);font-style:normal;}.wp-block-kadence-advancedheading.kt-adv-heading364_6ba36c-2c mark.kt-highlight, .wp-block-kadence-advancedheading.kt-adv-heading364_6ba36c-2c[data-kb-block=\"kb-adv-heading364_6ba36c-2c\"] mark.kt-highlight{font-style:normal;color:#f76a0c;-webkit-box-decoration-break:clone;box-decoration-break:clone;padding-top:0px;padding-right:0px;padding-bottom:0px;padding-left:0px;}<\/style>\n<p class=\"kt-adv-heading364_6ba36c-2c wp-block-kadence-advancedheading\" data-kb-block=\"kb-adv-heading364_6ba36c-2c\">Ces \u00e9preuves ont lieu dans toute la France, en fonction des saisons, des dates d&rsquo;ouverture de la chasse, et des types de concours. Il existe, en effet, plusieurs types de field-trial. Nous ne vous citerons que les principaux par ordre croissant de difficult\u00e9s:<\/p>\n\n\n<style>.wp-block-kadence-advancedheading.kt-adv-heading364_893025-6d, .wp-block-kadence-advancedheading.kt-adv-heading364_893025-6d[data-kb-block=\"kb-adv-heading364_893025-6d\"]{font-size:var(--global-kb-font-size-lg, 2rem);font-weight:600;font-style:normal;font-family:'Hanken Grotesk';}.wp-block-kadence-advancedheading.kt-adv-heading364_893025-6d mark.kt-highlight, .wp-block-kadence-advancedheading.kt-adv-heading364_893025-6d[data-kb-block=\"kb-adv-heading364_893025-6d\"] mark.kt-highlight{font-style:normal;color:#f76a0c;-webkit-box-decoration-break:clone;box-decoration-break:clone;padding-top:0px;padding-right:0px;padding-bottom:0px;padding-left:0px;}<\/style>\n<h4 class=\"kt-adv-heading364_893025-6d wp-block-kadence-advancedheading has-theme-palette-2-color has-text-color\" data-kb-block=\"kb-adv-heading364_893025-6d\">Le field d&rsquo;automne:<\/h4>\n\n\n<style>.wp-block-kadence-advancedheading.kt-adv-heading364_35b99b-14, .wp-block-kadence-advancedheading.kt-adv-heading364_35b99b-14[data-kb-block=\"kb-adv-heading364_35b99b-14\"]{font-size:var(--global-kb-font-size-md, 1.25rem);font-style:normal;}.wp-block-kadence-advancedheading.kt-adv-heading364_35b99b-14 mark.kt-highlight, .wp-block-kadence-advancedheading.kt-adv-heading364_35b99b-14[data-kb-block=\"kb-adv-heading364_35b99b-14\"] mark.kt-highlight{font-style:normal;color:#f76a0c;-webkit-box-decoration-break:clone;box-decoration-break:clone;padding-top:0px;padding-right:0px;padding-bottom:0px;padding-left:0px;}<\/style>\n<p class=\"kt-adv-heading364_35b99b-14 wp-block-kadence-advancedheading\" data-kb-block=\"kb-adv-heading364_35b99b-14\">Il se d\u00e9roule en p\u00e9riode de chasse, comme son nom l&rsquo;indique en automne. Le gibier (faisans d&rsquo;\u00e9levage) est pos\u00e9 avant le concours. L&rsquo;oiseau est tir\u00e9 seulement si le chien reste sage \u00e0 son envol. Le juge appr\u00e9ciera l&rsquo;action. En p\u00e9riode de chasse, pour les gibiers naturels (b\u00e9casse, b\u00e9cassine\u2026), l&rsquo;oiseau n&rsquo;est pas tir\u00e9. Mais un coup de feu est donn\u00e9 \u00e0 l&rsquo;envol de l&rsquo;oiseau. Dans ce cas, un rapport \u00ab\u00a0\u00e0 froid\u00a0\u00bb est demand\u00e9 \u00e0 la fin du concours, sur un oiseau d\u00e9j\u00e0 mort.<\/p>\n\n\n<style>.kb-row-layout-id364_9d2b65-ce > .kt-row-column-wrap{align-content:start;}:where(.kb-row-layout-id364_9d2b65-ce > .kt-row-column-wrap) > .wp-block-kadence-column{justify-content:start;}.kb-row-layout-id364_9d2b65-ce > .kt-row-column-wrap{column-gap:var(--global-kb-gap-md, 2rem);row-gap:var(--global-kb-gap-md, 2rem);padding-top:var(--global-kb-spacing-sm, 1.5rem);padding-bottom:var(--global-kb-spacing-sm, 1.5rem);grid-template-columns:minmax(0, calc(10% - ((var(--global-kb-gap-md, 2rem) * 2 )\/3)))minmax(0, calc(80% - ((var(--global-kb-gap-md, 2rem) * 2 )\/3)))minmax(0, calc(10% - ((var(--global-kb-gap-md, 2rem) * 2 )\/3)));}.kb-row-layout-id364_9d2b65-ce > .kt-row-layout-overlay{opacity:0.30;}@media all and (max-width: 1024px){.kb-row-layout-id364_9d2b65-ce > .kt-row-column-wrap > div:not(.added-for-specificity){grid-column:initial;}}@media all and (max-width: 1024px){.kb-row-layout-id364_9d2b65-ce > .kt-row-column-wrap{grid-template-columns:minmax(0, 1fr) minmax(0, 6fr) minmax(0, 1fr);}}@media all and (max-width: 767px){.kb-row-layout-id364_9d2b65-ce > .kt-row-column-wrap > div:not(.added-for-specificity){grid-column:initial;}.kb-row-layout-id364_9d2b65-ce > .kt-row-column-wrap{grid-template-columns:minmax(0, 1fr);}}<\/style><div class=\"kb-row-layout-wrap kb-row-layout-id364_9d2b65-ce alignnone wp-block-kadence-rowlayout\"><div class=\"kt-row-column-wrap kt-has-3-columns kt-row-layout-center-exwide kt-tab-layout-inherit kt-mobile-layout-row kt-row-valign-top\">\n<style>.kadence-column364_a8d86c-c7 > .kt-inside-inner-col,.kadence-column364_a8d86c-c7 > .kt-inside-inner-col:before{border-top-left-radius:0px;border-top-right-radius:0px;border-bottom-right-radius:0px;border-bottom-left-radius:0px;}.kadence-column364_a8d86c-c7 > .kt-inside-inner-col{column-gap:var(--global-kb-gap-sm, 1rem);}.kadence-column364_a8d86c-c7 > .kt-inside-inner-col{flex-direction:column;}.kadence-column364_a8d86c-c7 > .kt-inside-inner-col > .aligncenter{width:100%;}.kadence-column364_a8d86c-c7 > .kt-inside-inner-col:before{opacity:0.3;}.kadence-column364_a8d86c-c7{position:relative;}@media all and (max-width: 1024px){.kadence-column364_a8d86c-c7 > .kt-inside-inner-col{flex-direction:column;justify-content:center;}}@media all and (max-width: 767px){.kadence-column364_a8d86c-c7 > .kt-inside-inner-col{flex-direction:column;justify-content:center;}}<\/style>\n<div class=\"wp-block-kadence-column kadence-column364_a8d86c-c7\"><div class=\"kt-inside-inner-col\"><\/div><\/div>\n\n\n<style>.kadence-column364_dddd51-31 > .kt-inside-inner-col{box-shadow:0px 0px 14px 0px var(--global-palette6, #718096);border-top:5px solid var(--global-palette8, #F7FAFC);border-right:5px solid var(--global-palette8, #F7FAFC);border-bottom:5px solid var(--global-palette8, #F7FAFC);border-left:5px solid var(--global-palette8, #F7FAFC);}.kadence-column364_dddd51-31 > .kt-inside-inner-col,.kadence-column364_dddd51-31 > .kt-inside-inner-col:before{border-top-left-radius:15px;border-top-right-radius:15px;border-bottom-right-radius:15px;border-bottom-left-radius:15px;}.kadence-column364_dddd51-31 > .kt-inside-inner-col{column-gap:var(--global-kb-gap-sm, 1rem);}.kadence-column364_dddd51-31 > .kt-inside-inner-col{flex-direction:column;}.kadence-column364_dddd51-31 > .kt-inside-inner-col > .aligncenter{width:100%;}.kadence-column364_dddd51-31 > .kt-inside-inner-col:before{opacity:0.3;}.kadence-column364_dddd51-31{position:relative;}@media all and (max-width: 1024px){.kadence-column364_dddd51-31 > .kt-inside-inner-col{border-top:5px solid var(--global-palette8, #F7FAFC);border-right:5px solid var(--global-palette8, #F7FAFC);border-bottom:5px solid var(--global-palette8, #F7FAFC);border-left:5px solid var(--global-palette8, #F7FAFC);flex-direction:column;justify-content:center;}}@media all and (max-width: 767px){.kadence-column364_dddd51-31 > .kt-inside-inner-col{border-top:5px solid var(--global-palette8, #F7FAFC);border-right:5px solid var(--global-palette8, #F7FAFC);border-bottom:5px solid var(--global-palette8, #F7FAFC);border-left:5px solid var(--global-palette8, #F7FAFC);flex-direction:column;justify-content:center;}}<\/style>\n<div class=\"wp-block-kadence-column kadence-column364_dddd51-31\"><div class=\"kt-inside-inner-col\">\n<figure class=\"wp-block-embed is-type-video is-provider-youtube wp-block-embed-youtube wp-embed-aspect-16-9 wp-has-aspect-ratio\"><div class=\"wp-block-embed__wrapper\">\n<iframe loading=\"lazy\" title=\"SCC - Field Trial - Automne 2013 - Le Porge\" width=\"720\" height=\"405\" src=\"https:\/\/www.youtube.com\/embed\/sc254Lql-OM?feature=oembed\" frameborder=\"0\" allow=\"accelerometer; autoplay; clipboard-write; encrypted-media; gyroscope; picture-in-picture; web-share\" allowfullscreen><\/iframe>\n<\/div><\/figure>\n<\/div><\/div>\n\n\n<style>.kadence-column364_cd90a1-e1 > .kt-inside-inner-col,.kadence-column364_cd90a1-e1 > .kt-inside-inner-col:before{border-top-left-radius:0px;border-top-right-radius:0px;border-bottom-right-radius:0px;border-bottom-left-radius:0px;}.kadence-column364_cd90a1-e1 > .kt-inside-inner-col{column-gap:var(--global-kb-gap-sm, 1rem);}.kadence-column364_cd90a1-e1 > .kt-inside-inner-col{flex-direction:column;}.kadence-column364_cd90a1-e1 > .kt-inside-inner-col > .aligncenter{width:100%;}.kadence-column364_cd90a1-e1 > .kt-inside-inner-col:before{opacity:0.3;}.kadence-column364_cd90a1-e1{position:relative;}@media all and (max-width: 1024px){.kadence-column364_cd90a1-e1 > .kt-inside-inner-col{flex-direction:column;justify-content:center;}}@media all and (max-width: 767px){.kadence-column364_cd90a1-e1 > .kt-inside-inner-col{flex-direction:column;justify-content:center;}}<\/style>\n<div class=\"wp-block-kadence-column kadence-column364_cd90a1-e1\"><div class=\"kt-inside-inner-col\"><\/div><\/div>\n\n<\/div><\/div>\n\n<style>.wp-block-kadence-advancedheading.kt-adv-heading364_60b6e6-d5, .wp-block-kadence-advancedheading.kt-adv-heading364_60b6e6-d5[data-kb-block=\"kb-adv-heading364_60b6e6-d5\"]{font-size:var(--global-kb-font-size-lg, 2rem);font-weight:600;font-style:normal;font-family:'Hanken Grotesk';}.wp-block-kadence-advancedheading.kt-adv-heading364_60b6e6-d5 mark.kt-highlight, .wp-block-kadence-advancedheading.kt-adv-heading364_60b6e6-d5[data-kb-block=\"kb-adv-heading364_60b6e6-d5\"] mark.kt-highlight{font-style:normal;color:#f76a0c;-webkit-box-decoration-break:clone;box-decoration-break:clone;padding-top:0px;padding-right:0px;padding-bottom:0px;padding-left:0px;}<\/style>\n<h4 class=\"kt-adv-heading364_60b6e6-d5 wp-block-kadence-advancedheading has-theme-palette-2-color has-text-color\" data-kb-block=\"kb-adv-heading364_60b6e6-d5\">Le field trial de printemps:<\/h4>\n\n\n<style>.wp-block-kadence-advancedheading.kt-adv-heading364_1787de-a2, .wp-block-kadence-advancedheading.kt-adv-heading364_1787de-a2[data-kb-block=\"kb-adv-heading364_1787de-a2\"]{font-size:var(--global-kb-font-size-md, 1.25rem);font-style:normal;}.wp-block-kadence-advancedheading.kt-adv-heading364_1787de-a2 mark.kt-highlight, .wp-block-kadence-advancedheading.kt-adv-heading364_1787de-a2[data-kb-block=\"kb-adv-heading364_1787de-a2\"] mark.kt-highlight{font-style:normal;color:#f76a0c;-webkit-box-decoration-break:clone;box-decoration-break:clone;padding-top:0px;padding-right:0px;padding-bottom:0px;padding-left:0px;}<\/style>\n<p class=\"kt-adv-heading364_1787de-a2 wp-block-kadence-advancedheading\" data-kb-block=\"kb-adv-heading364_1787de-a2\">Il a lieu de d\u00e9but mars \u00e0 mi-avril environ. Ces \u00e9preuves se d\u00e9roulent uniquement sur gibier naturel, la perdrix, au moment o\u00f9 les couples se forment pour la reproduction future. Elles ont lieu dans des plaines telles que la Beauce, la Brie, la Champagne\u2026<\/p>\n\n\n<style>.kb-row-layout-id364_9bd0f0-a0 > .kt-row-column-wrap{align-content:start;}:where(.kb-row-layout-id364_9bd0f0-a0 > .kt-row-column-wrap) > .wp-block-kadence-column{justify-content:start;}.kb-row-layout-id364_9bd0f0-a0 > .kt-row-column-wrap{column-gap:var(--global-kb-gap-md, 2rem);row-gap:var(--global-kb-gap-md, 2rem);padding-top:var(--global-kb-spacing-sm, 1.5rem);padding-bottom:var(--global-kb-spacing-sm, 1.5rem);}.kb-row-layout-id364_9bd0f0-a0 > .kt-row-column-wrap > div:not(.added-for-specificity){grid-column:initial;}.kb-row-layout-id364_9bd0f0-a0 > .kt-row-column-wrap{grid-template-columns:minmax(0, 1fr) minmax(0, 6fr) minmax(0, 1fr);}.kb-row-layout-id364_9bd0f0-a0 > .kt-row-layout-overlay{opacity:0.30;}@media all and (max-width: 1024px){.kb-row-layout-id364_9bd0f0-a0 > .kt-row-column-wrap > div:not(.added-for-specificity){grid-column:initial;}}@media all and (max-width: 1024px){.kb-row-layout-id364_9bd0f0-a0 > .kt-row-column-wrap{grid-template-columns:minmax(0, 1fr) minmax(0, 6fr) minmax(0, 1fr);}}@media all and (max-width: 767px){.kb-row-layout-id364_9bd0f0-a0 > .kt-row-column-wrap > div:not(.added-for-specificity){grid-column:initial;}.kb-row-layout-id364_9bd0f0-a0 > .kt-row-column-wrap{grid-template-columns:minmax(0, 1fr);}}<\/style><div class=\"kb-row-layout-wrap kb-row-layout-id364_9bd0f0-a0 alignnone wp-block-kadence-rowlayout\"><div class=\"kt-row-column-wrap kt-has-3-columns kt-row-layout-center-exwide kt-tab-layout-inherit kt-mobile-layout-row kt-row-valign-top\">\n<style>.kadence-column364_6f919d-c9 > .kt-inside-inner-col,.kadence-column364_6f919d-c9 > .kt-inside-inner-col:before{border-top-left-radius:0px;border-top-right-radius:0px;border-bottom-right-radius:0px;border-bottom-left-radius:0px;}.kadence-column364_6f919d-c9 > .kt-inside-inner-col{column-gap:var(--global-kb-gap-sm, 1rem);}.kadence-column364_6f919d-c9 > .kt-inside-inner-col{flex-direction:column;}.kadence-column364_6f919d-c9 > .kt-inside-inner-col > .aligncenter{width:100%;}.kadence-column364_6f919d-c9 > .kt-inside-inner-col:before{opacity:0.3;}.kadence-column364_6f919d-c9{position:relative;}@media all and (max-width: 1024px){.kadence-column364_6f919d-c9 > .kt-inside-inner-col{flex-direction:column;justify-content:center;}}@media all and (max-width: 767px){.kadence-column364_6f919d-c9 > .kt-inside-inner-col{flex-direction:column;justify-content:center;}}<\/style>\n<div class=\"wp-block-kadence-column kadence-column364_6f919d-c9\"><div class=\"kt-inside-inner-col\"><\/div><\/div>\n\n\n<style>.kadence-column364_c0d029-ba > .kt-inside-inner-col{box-shadow:0px 0px 14px 0px var(--global-palette6, #718096);border-top:5px solid var(--global-palette8, #F7FAFC);border-right:5px solid var(--global-palette8, #F7FAFC);border-bottom:5px solid var(--global-palette8, #F7FAFC);border-left:5px solid var(--global-palette8, #F7FAFC);}.kadence-column364_c0d029-ba > .kt-inside-inner-col,.kadence-column364_c0d029-ba > .kt-inside-inner-col:before{border-top-left-radius:15px;border-top-right-radius:15px;border-bottom-right-radius:15px;border-bottom-left-radius:15px;}.kadence-column364_c0d029-ba > .kt-inside-inner-col{column-gap:var(--global-kb-gap-sm, 1rem);}.kadence-column364_c0d029-ba > .kt-inside-inner-col{flex-direction:column;}.kadence-column364_c0d029-ba > .kt-inside-inner-col > .aligncenter{width:100%;}.kadence-column364_c0d029-ba > .kt-inside-inner-col:before{opacity:0.3;}.kadence-column364_c0d029-ba{position:relative;}@media all and (max-width: 1024px){.kadence-column364_c0d029-ba > .kt-inside-inner-col{border-top:5px solid var(--global-palette8, #F7FAFC);border-right:5px solid var(--global-palette8, #F7FAFC);border-bottom:5px solid var(--global-palette8, #F7FAFC);border-left:5px solid var(--global-palette8, #F7FAFC);flex-direction:column;justify-content:center;}}@media all and (max-width: 767px){.kadence-column364_c0d029-ba > .kt-inside-inner-col{border-top:5px solid var(--global-palette8, #F7FAFC);border-right:5px solid var(--global-palette8, #F7FAFC);border-bottom:5px solid var(--global-palette8, #F7FAFC);border-left:5px solid var(--global-palette8, #F7FAFC);flex-direction:column;justify-content:center;}}<\/style>\n<div class=\"wp-block-kadence-column kadence-column364_c0d029-ba\"><div class=\"kt-inside-inner-col\">\n<figure class=\"wp-block-embed is-type-video is-provider-youtube wp-block-embed-youtube wp-embed-aspect-16-9 wp-has-aspect-ratio\"><div class=\"wp-block-embed__wrapper\">\n<iframe loading=\"lazy\" title=\"Les fields de Printemps : l&#039;apoth\u00e9ose du chien d&#039;arr\u00eat\" width=\"720\" height=\"405\" src=\"https:\/\/www.youtube.com\/embed\/qGHWFszsXBc?feature=oembed\" frameborder=\"0\" allow=\"accelerometer; autoplay; clipboard-write; encrypted-media; gyroscope; picture-in-picture; web-share\" allowfullscreen><\/iframe>\n<\/div><\/figure>\n<\/div><\/div>\n\n\n<style>.kadence-column364_1cc038-2e > .kt-inside-inner-col,.kadence-column364_1cc038-2e > .kt-inside-inner-col:before{border-top-left-radius:0px;border-top-right-radius:0px;border-bottom-right-radius:0px;border-bottom-left-radius:0px;}.kadence-column364_1cc038-2e > .kt-inside-inner-col{column-gap:var(--global-kb-gap-sm, 1rem);}.kadence-column364_1cc038-2e > .kt-inside-inner-col{flex-direction:column;}.kadence-column364_1cc038-2e > .kt-inside-inner-col > .aligncenter{width:100%;}.kadence-column364_1cc038-2e > .kt-inside-inner-col:before{opacity:0.3;}.kadence-column364_1cc038-2e{position:relative;}@media all and (max-width: 1024px){.kadence-column364_1cc038-2e > .kt-inside-inner-col{flex-direction:column;justify-content:center;}}@media all and (max-width: 767px){.kadence-column364_1cc038-2e > .kt-inside-inner-col{flex-direction:column;justify-content:center;}}<\/style>\n<div class=\"wp-block-kadence-column kadence-column364_1cc038-2e\"><div class=\"kt-inside-inner-col\"><\/div><\/div>\n\n<\/div><\/div>\n\n<style>.wp-block-kadence-advancedheading.kt-adv-heading364_709c12-d4, .wp-block-kadence-advancedheading.kt-adv-heading364_709c12-d4[data-kb-block=\"kb-adv-heading364_709c12-d4\"]{font-size:var(--global-kb-font-size-lg, 2rem);font-weight:600;font-style:normal;font-family:'Hanken Grotesk';}.wp-block-kadence-advancedheading.kt-adv-heading364_709c12-d4 mark.kt-highlight, .wp-block-kadence-advancedheading.kt-adv-heading364_709c12-d4[data-kb-block=\"kb-adv-heading364_709c12-d4\"] mark.kt-highlight{font-style:normal;color:#f76a0c;-webkit-box-decoration-break:clone;box-decoration-break:clone;padding-top:0px;padding-right:0px;padding-bottom:0px;padding-left:0px;}<\/style>\n<h4 class=\"kt-adv-heading364_709c12-d4 wp-block-kadence-advancedheading has-theme-palette-2-color has-text-color\" data-kb-block=\"kb-adv-heading364_709c12-d4\">Le field d&rsquo;\u00e9t\u00e9:<\/h4>\n\n\n<style>.wp-block-kadence-advancedheading.kt-adv-heading364_5901f2-4a, .wp-block-kadence-advancedheading.kt-adv-heading364_5901f2-4a[data-kb-block=\"kb-adv-heading364_5901f2-4a\"]{font-size:var(--global-kb-font-size-md, 1.25rem);font-style:normal;}.wp-block-kadence-advancedheading.kt-adv-heading364_5901f2-4a mark.kt-highlight, .wp-block-kadence-advancedheading.kt-adv-heading364_5901f2-4a[data-kb-block=\"kb-adv-heading364_5901f2-4a\"] mark.kt-highlight{font-style:normal;color:#f76a0c;-webkit-box-decoration-break:clone;box-decoration-break:clone;padding-top:0px;padding-right:0px;padding-bottom:0px;padding-left:0px;}<\/style>\n<p class=\"kt-adv-heading364_5901f2-4a wp-block-kadence-advancedheading\" data-kb-block=\"kb-adv-heading364_5901f2-4a\">Il a lieu sur une courte p\u00e9riode entre les deux saisons pr\u00e9c\u00e9dentes. Il s&rsquo;agit d&rsquo;un concours sur gibier naturel, concours r\u00e9put\u00e9 difficile. Le travail demand\u00e9 est le m\u00eame qu&rsquo;en printemps.<\/p>\n\n\n\n<p><\/p>\n\n\n\n<hr class=\"wp-block-separator alignwide has-alpha-channel-opacity\"\/>\n\n\n<style>.kb-image364_615f64-99 .kb-image-has-overlay:after{opacity:0.3;border-top-left-radius:70px;border-top-right-radius:70px;border-bottom-right-radius:70px;border-bottom-left-radius:70px;}.kb-image364_615f64-99 img.kb-img, .kb-image364_615f64-99 .kb-img img{border-top:1px solid #317ac1;border-right:1px solid #317ac1;border-bottom:1px solid #317ac1;border-left:1px solid #317ac1;border-top-left-radius:70px;border-top-right-radius:70px;border-bottom-right-radius:70px;border-bottom-left-radius:70px;box-shadow:0px 0px 14px 0px var(--global-palette6, #718096);}@media all and (max-width: 1024px){.kb-image364_615f64-99 img.kb-img, .kb-image364_615f64-99 .kb-img img{border-top:1px solid #317ac1;border-right:1px solid #317ac1;border-bottom:1px solid #317ac1;border-left:1px solid #317ac1;}}@media all and (max-width: 767px){.kb-image364_615f64-99 img.kb-img, .kb-image364_615f64-99 .kb-img img{border-top:1px solid #317ac1;border-right:1px solid #317ac1;border-bottom:1px solid #317ac1;border-left:1px solid #317ac1;}}<\/style>\n<div class=\"wp-block-kadence-image kb-image364_615f64-99\"><figure class=\"aligncenter size-full\"><a href=\"https:\/\/cercledesamateursdubraquedeweimar.com\/index.php\/travail-braque-de-weimar\/\" class=\"kb-advanced-image-link\"><img loading=\"lazy\" decoding=\"async\" width=\"125\" height=\"125\" src=\"https:\/\/cercledesamateursdubraquedeweimar.com\/wordpress\/wp-content\/uploads\/2023\/10\/logo_cabw-1.jpg\" alt=\"cercle des amateurs du braque de weimar\" class=\"kb-img wp-image-1465\"\/><\/a><\/figure><\/div>\n","protected":false},"excerpt":{"rendered":"<p>Le travailavec votre braque de weimarpoil court | poil long le TAN Le Test d&rsquo;Aptitudes Naturelles (TAN) C&rsquo;est une \u00e9preuve r\u00e9serv\u00e9e aux chiens \u00e2g\u00e9s de&nbsp;6 mois \u00e0&nbsp; 36 mois, le jour de l&rsquo;examen. Il s&rsquo;agit de Tester les Aptitudes Naturelles du chien \u00e0 la chasse et non son degr\u00e9 de dressage. Le gibier (en g\u00e9n\u00e9ral&#8230;<\/p>\n","protected":false},"author":1,"featured_media":0,"parent":0,"menu_order":0,"comment_status":"closed","ping_status":"closed","template":"","meta":{"_monsterinsights_skip_tracking":false,"_monsterinsights_sitenote_active":false,"_monsterinsights_sitenote_note":"","_monsterinsights_sitenote_category":0,"_kad_post_transparent":"","_kad_post_title":"hide","_kad_post_layout":"","_kad_post_sidebar_id":"","_kad_post_content_style":"","_kad_post_vertical_padding":"","_kad_post_feature":"","_kad_post_feature_position":"","_kad_post_header":false,"_kad_post_footer":false,"footnotes":""},"class_list":["post-364","page","type-page","status-publish","hentry"],"yoast_head":"<!-- This site is optimized with the Yoast SEO plugin v25.4 - https:\/\/yoast.com\/wordpress\/plugins\/seo\/ -->\n<title>Le travail | Cercle des Amateurs du Braque de Weimar<\/title>\n<meta name=\"description\" content=\"Association de propri\u00e9taires de braque de weimar. Le weimar est un chien d&#039;arr\u00eat, donc la chasse est la base de ses activit\u00e9s.\" \/>\n<meta name=\"robots\" content=\"index, follow, max-snippet:-1, max-image-preview:large, max-video-preview:-1\" \/>\n<link rel=\"canonical\" href=\"https:\/\/cercledesamateursdubraquedeweimar.com\/index.php\/travail-braque-de-weimar\/\" \/>\n<meta property=\"og:locale\" content=\"fr_FR\" \/>\n<meta property=\"og:type\" content=\"article\" \/>\n<meta property=\"og:title\" content=\"Le travail | Cercle des Amateurs du Braque de Weimar\" \/>\n<meta property=\"og:description\" content=\"Association de propri\u00e9taires de braque de weimar. Le weimar est un chien d&#039;arr\u00eat, donc la chasse est la base de ses activit\u00e9s.\" \/>\n<meta property=\"og:url\" content=\"https:\/\/cercledesamateursdubraquedeweimar.com\/index.php\/travail-braque-de-weimar\/\" \/>\n<meta property=\"og:site_name\" content=\"Cercle des Amateurs du Braque de Weimar\" \/>\n<meta property=\"article:publisher\" content=\"https:\/\/www.facebook.com\/groups\/259081272759375\" \/>\n<meta property=\"article:modified_time\" content=\"2023-12-15T11:30:39+00:00\" \/>\n<meta property=\"og:image\" content=\"https:\/\/cercledesamateursdubraquedeweimar.com\/wordpress\/wp-content\/uploads\/2023\/10\/logo_cabw-1.jpg\" \/>\n<meta name=\"twitter:card\" content=\"summary_large_image\" \/>\n<meta name=\"twitter:label1\" content=\"Dur\u00e9e de lecture estim\u00e9e\" \/>\n\t<meta name=\"twitter:data1\" content=\"4 minutes\" \/>\n<script type=\"application\/ld+json\" class=\"yoast-schema-graph\">{\"@context\":\"https:\/\/schema.org\",\"@graph\":[{\"@type\":\"WebPage\",\"@id\":\"https:\/\/cercledesamateursdubraquedeweimar.com\/index.php\/travail-braque-de-weimar\/\",\"url\":\"https:\/\/cercledesamateursdubraquedeweimar.com\/index.php\/travail-braque-de-weimar\/\",\"name\":\"Le travail | Cercle des Amateurs du Braque de Weimar\",\"isPartOf\":{\"@id\":\"https:\/\/cercledesamateursdubraquedeweimar.com\/#website\"},\"primaryImageOfPage\":{\"@id\":\"https:\/\/cercledesamateursdubraquedeweimar.com\/index.php\/travail-braque-de-weimar\/#primaryimage\"},\"image\":{\"@id\":\"https:\/\/cercledesamateursdubraquedeweimar.com\/index.php\/travail-braque-de-weimar\/#primaryimage\"},\"thumbnailUrl\":\"https:\/\/cercledesamateursdubraquedeweimar.com\/wordpress\/wp-content\/uploads\/2023\/10\/logo_cabw-1.jpg\",\"datePublished\":\"2023-09-05T16:34:25+00:00\",\"dateModified\":\"2023-12-15T11:30:39+00:00\",\"description\":\"Association de propri\u00e9taires de braque de weimar. Le weimar est un chien d'arr\u00eat, donc la chasse est la base de ses activit\u00e9s.\",\"breadcrumb\":{\"@id\":\"https:\/\/cercledesamateursdubraquedeweimar.com\/index.php\/travail-braque-de-weimar\/#breadcrumb\"},\"inLanguage\":\"fr-FR\",\"potentialAction\":[{\"@type\":\"ReadAction\",\"target\":[\"https:\/\/cercledesamateursdubraquedeweimar.com\/index.php\/travail-braque-de-weimar\/\"]}]},{\"@type\":\"ImageObject\",\"inLanguage\":\"fr-FR\",\"@id\":\"https:\/\/cercledesamateursdubraquedeweimar.com\/index.php\/travail-braque-de-weimar\/#primaryimage\",\"url\":\"https:\/\/cercledesamateursdubraquedeweimar.com\/wordpress\/wp-content\/uploads\/2023\/10\/logo_cabw-1.jpg\",\"contentUrl\":\"https:\/\/cercledesamateursdubraquedeweimar.com\/wordpress\/wp-content\/uploads\/2023\/10\/logo_cabw-1.jpg\",\"width\":125,\"height\":125},{\"@type\":\"BreadcrumbList\",\"@id\":\"https:\/\/cercledesamateursdubraquedeweimar.com\/index.php\/travail-braque-de-weimar\/#breadcrumb\",\"itemListElement\":[{\"@type\":\"ListItem\",\"position\":1,\"name\":\"Accueil\",\"item\":\"https:\/\/cercledesamateursdubraquedeweimar.com\/\"},{\"@type\":\"ListItem\",\"position\":2,\"name\":\"Le travail\"}]},{\"@type\":\"WebSite\",\"@id\":\"https:\/\/cercledesamateursdubraquedeweimar.com\/#website\",\"url\":\"https:\/\/cercledesamateursdubraquedeweimar.com\/\",\"name\":\"Cercle des amateurs du braque de weimar\",\"description\":\"Association de propri\u00e9taires de braques de weimar depuis 1978\",\"publisher\":{\"@id\":\"https:\/\/cercledesamateursdubraquedeweimar.com\/#organization\"},\"alternateName\":\"CABW\",\"potentialAction\":[{\"@type\":\"SearchAction\",\"target\":{\"@type\":\"EntryPoint\",\"urlTemplate\":\"https:\/\/cercledesamateursdubraquedeweimar.com\/?s={search_term_string}\"},\"query-input\":{\"@type\":\"PropertyValueSpecification\",\"valueRequired\":true,\"valueName\":\"search_term_string\"}}],\"inLanguage\":\"fr-FR\"},{\"@type\":\"Organization\",\"@id\":\"https:\/\/cercledesamateursdubraquedeweimar.com\/#organization\",\"name\":\"Cercle des Amateurs du Braque de Weimar\",\"alternateName\":\"CABW\",\"url\":\"https:\/\/cercledesamateursdubraquedeweimar.com\/\",\"logo\":{\"@type\":\"ImageObject\",\"inLanguage\":\"fr-FR\",\"@id\":\"https:\/\/cercledesamateursdubraquedeweimar.com\/#\/schema\/logo\/image\/\",\"url\":\"https:\/\/cercledesamateursdubraquedeweimar.com\/wordpress\/wp-content\/uploads\/2025\/05\/cropped-cropped-logoCABW2025vers1.png\",\"contentUrl\":\"https:\/\/cercledesamateursdubraquedeweimar.com\/wordpress\/wp-content\/uploads\/2025\/05\/cropped-cropped-logoCABW2025vers1.png\",\"width\":512,\"height\":512,\"caption\":\"Cercle des Amateurs du Braque de Weimar\"},\"image\":{\"@id\":\"https:\/\/cercledesamateursdubraquedeweimar.com\/#\/schema\/logo\/image\/\"},\"sameAs\":[\"https:\/\/www.facebook.com\/groups\/259081272759375\"]}]}<\/script>\n<!-- \/ Yoast SEO plugin. -->","yoast_head_json":{"title":"Le travail | Cercle des Amateurs du Braque de Weimar","description":"Association de propri\u00e9taires de braque de weimar. Le weimar est un chien d'arr\u00eat, donc la chasse est la base de ses activit\u00e9s.","robots":{"index":"index","follow":"follow","max-snippet":"max-snippet:-1","max-image-preview":"max-image-preview:large","max-video-preview":"max-video-preview:-1"},"canonical":"https:\/\/cercledesamateursdubraquedeweimar.com\/index.php\/travail-braque-de-weimar\/","og_locale":"fr_FR","og_type":"article","og_title":"Le travail | Cercle des Amateurs du Braque de Weimar","og_description":"Association de propri\u00e9taires de braque de weimar. Le weimar est un chien d'arr\u00eat, donc la chasse est la base de ses activit\u00e9s.","og_url":"https:\/\/cercledesamateursdubraquedeweimar.com\/index.php\/travail-braque-de-weimar\/","og_site_name":"Cercle des Amateurs du Braque de Weimar","article_publisher":"https:\/\/www.facebook.com\/groups\/259081272759375","article_modified_time":"2023-12-15T11:30:39+00:00","og_image":[{"url":"https:\/\/cercledesamateursdubraquedeweimar.com\/wordpress\/wp-content\/uploads\/2023\/10\/logo_cabw-1.jpg","type":"","width":"","height":""}],"twitter_card":"summary_large_image","twitter_misc":{"Dur\u00e9e de lecture estim\u00e9e":"4 minutes"},"schema":{"@context":"https:\/\/schema.org","@graph":[{"@type":"WebPage","@id":"https:\/\/cercledesamateursdubraquedeweimar.com\/index.php\/travail-braque-de-weimar\/","url":"https:\/\/cercledesamateursdubraquedeweimar.com\/index.php\/travail-braque-de-weimar\/","name":"Le travail | Cercle des Amateurs du Braque de Weimar","isPartOf":{"@id":"https:\/\/cercledesamateursdubraquedeweimar.com\/#website"},"primaryImageOfPage":{"@id":"https:\/\/cercledesamateursdubraquedeweimar.com\/index.php\/travail-braque-de-weimar\/#primaryimage"},"image":{"@id":"https:\/\/cercledesamateursdubraquedeweimar.com\/index.php\/travail-braque-de-weimar\/#primaryimage"},"thumbnailUrl":"https:\/\/cercledesamateursdubraquedeweimar.com\/wordpress\/wp-content\/uploads\/2023\/10\/logo_cabw-1.jpg","datePublished":"2023-09-05T16:34:25+00:00","dateModified":"2023-12-15T11:30:39+00:00","description":"Association de propri\u00e9taires de braque de weimar. Le weimar est un chien d'arr\u00eat, donc la chasse est la base de ses activit\u00e9s.","breadcrumb":{"@id":"https:\/\/cercledesamateursdubraquedeweimar.com\/index.php\/travail-braque-de-weimar\/#breadcrumb"},"inLanguage":"fr-FR","potentialAction":[{"@type":"ReadAction","target":["https:\/\/cercledesamateursdubraquedeweimar.com\/index.php\/travail-braque-de-weimar\/"]}]},{"@type":"ImageObject","inLanguage":"fr-FR","@id":"https:\/\/cercledesamateursdubraquedeweimar.com\/index.php\/travail-braque-de-weimar\/#primaryimage","url":"https:\/\/cercledesamateursdubraquedeweimar.com\/wordpress\/wp-content\/uploads\/2023\/10\/logo_cabw-1.jpg","contentUrl":"https:\/\/cercledesamateursdubraquedeweimar.com\/wordpress\/wp-content\/uploads\/2023\/10\/logo_cabw-1.jpg","width":125,"height":125},{"@type":"BreadcrumbList","@id":"https:\/\/cercledesamateursdubraquedeweimar.com\/index.php\/travail-braque-de-weimar\/#breadcrumb","itemListElement":[{"@type":"ListItem","position":1,"name":"Accueil","item":"https:\/\/cercledesamateursdubraquedeweimar.com\/"},{"@type":"ListItem","position":2,"name":"Le travail"}]},{"@type":"WebSite","@id":"https:\/\/cercledesamateursdubraquedeweimar.com\/#website","url":"https:\/\/cercledesamateursdubraquedeweimar.com\/","name":"Cercle des amateurs du braque de weimar","description":"Association de propri\u00e9taires de braques de weimar depuis 1978","publisher":{"@id":"https:\/\/cercledesamateursdubraquedeweimar.com\/#organization"},"alternateName":"CABW","potentialAction":[{"@type":"SearchAction","target":{"@type":"EntryPoint","urlTemplate":"https:\/\/cercledesamateursdubraquedeweimar.com\/?s={search_term_string}"},"query-input":{"@type":"PropertyValueSpecification","valueRequired":true,"valueName":"search_term_string"}}],"inLanguage":"fr-FR"},{"@type":"Organization","@id":"https:\/\/cercledesamateursdubraquedeweimar.com\/#organization","name":"Cercle des Amateurs du Braque de Weimar","alternateName":"CABW","url":"https:\/\/cercledesamateursdubraquedeweimar.com\/","logo":{"@type":"ImageObject","inLanguage":"fr-FR","@id":"https:\/\/cercledesamateursdubraquedeweimar.com\/#\/schema\/logo\/image\/","url":"https:\/\/cercledesamateursdubraquedeweimar.com\/wordpress\/wp-content\/uploads\/2025\/05\/cropped-cropped-logoCABW2025vers1.png","contentUrl":"https:\/\/cercledesamateursdubraquedeweimar.com\/wordpress\/wp-content\/uploads\/2025\/05\/cropped-cropped-logoCABW2025vers1.png","width":512,"height":512,"caption":"Cercle des Amateurs du Braque de Weimar"},"image":{"@id":"https:\/\/cercledesamateursdubraquedeweimar.com\/#\/schema\/logo\/image\/"},"sameAs":["https:\/\/www.facebook.com\/groups\/259081272759375"]}]}},"_links":{"self":[{"href":"https:\/\/cercledesamateursdubraquedeweimar.com\/index.php\/wp-json\/wp\/v2\/pages\/364","targetHints":{"allow":["GET"]}}],"collection":[{"href":"https:\/\/cercledesamateursdubraquedeweimar.com\/index.php\/wp-json\/wp\/v2\/pages"}],"about":[{"href":"https:\/\/cercledesamateursdubraquedeweimar.com\/index.php\/wp-json\/wp\/v2\/types\/page"}],"author":[{"embeddable":true,"href":"https:\/\/cercledesamateursdubraquedeweimar.com\/index.php\/wp-json\/wp\/v2\/users\/1"}],"replies":[{"embeddable":true,"href":"https:\/\/cercledesamateursdubraquedeweimar.com\/index.php\/wp-json\/wp\/v2\/comments?post=364"}],"version-history":[{"count":46,"href":"https:\/\/cercledesamateursdubraquedeweimar.com\/index.php\/wp-json\/wp\/v2\/pages\/364\/revisions"}],"predecessor-version":[{"id":2742,"href":"https:\/\/cercledesamateursdubraquedeweimar.com\/index.php\/wp-json\/wp\/v2\/pages\/364\/revisions\/2742"}],"wp:attachment":[{"href":"https:\/\/cercledesamateursdubraquedeweimar.com\/index.php\/wp-json\/wp\/v2\/media?parent=364"}],"curies":[{"name":"wp","href":"https:\/\/api.w.org\/{rel}","templated":true}]}}