{"id":522,"date":"2023-09-07T14:38:56","date_gmt":"2023-09-07T12:38:56","guid":{"rendered":"https:\/\/cercledesamateursdubraquedeweimar.com\/wordpress\/?page_id=522"},"modified":"2023-12-14T23:56:28","modified_gmt":"2023-12-14T22:56:28","slug":"la-sterilisation-braque-de-weimar","status":"publish","type":"page","link":"https:\/\/cercledesamateursdubraquedeweimar.com\/index.php\/la-sterilisation-braque-de-weimar\/","title":{"rendered":"La st\u00e9rilisation"},"content":{"rendered":"<style>.kb-row-layout-id522_61bb6a-8f > .kt-row-column-wrap{align-content:start;}:where(.kb-row-layout-id522_61bb6a-8f > .kt-row-column-wrap) > .wp-block-kadence-column{justify-content:start;}.kb-row-layout-id522_61bb6a-8f > .kt-row-column-wrap{column-gap:var(--global-kb-gap-md, 2rem);row-gap:var(--global-kb-gap-md, 2rem);padding-top:var(--global-kb-spacing-sm, 1.5rem);padding-bottom:var(--global-kb-spacing-sm, 1.5rem);grid-template-columns:minmax(0, 1fr);}.kb-row-layout-id522_61bb6a-8f > .kt-row-layout-overlay{opacity:0.30;}@media all and (max-width: 1024px){.kb-row-layout-id522_61bb6a-8f > .kt-row-column-wrap{grid-template-columns:minmax(0, 1fr);}}@media all and (max-width: 767px){.kb-row-layout-id522_61bb6a-8f > .kt-row-column-wrap{grid-template-columns:minmax(0, 1fr);}}<\/style><div class=\"kb-row-layout-wrap kb-row-layout-id522_61bb6a-8f alignnone wp-block-kadence-rowlayout\"><div class=\"kt-row-column-wrap kt-has-1-columns kt-row-layout-equal kt-tab-layout-inherit kt-mobile-layout-row kt-row-valign-top\">\n<style>.kadence-column522_c52296-22 > .kt-inside-inner-col,.kadence-column522_c52296-22 > .kt-inside-inner-col:before{border-top-left-radius:0px;border-top-right-radius:0px;border-bottom-right-radius:0px;border-bottom-left-radius:0px;}.kadence-column522_c52296-22 > .kt-inside-inner-col{column-gap:var(--global-kb-gap-sm, 1rem);}.kadence-column522_c52296-22 > .kt-inside-inner-col{flex-direction:column;}.kadence-column522_c52296-22 > .kt-inside-inner-col > .aligncenter{width:100%;}.kadence-column522_c52296-22 > .kt-inside-inner-col:before{opacity:0.3;}.kadence-column522_c52296-22{position:relative;}@media all and (max-width: 1024px){.kadence-column522_c52296-22 > .kt-inside-inner-col{flex-direction:column;justify-content:center;}}@media all and (max-width: 767px){.kadence-column522_c52296-22 > .kt-inside-inner-col{flex-direction:column;justify-content:center;}}<\/style>\n<div class=\"wp-block-kadence-column kadence-column522_c52296-22\"><div class=\"kt-inside-inner-col\"><style>.wp-block-kadence-advancedheading.kt-adv-heading522_3a49c4-3c, .wp-block-kadence-advancedheading.kt-adv-heading522_3a49c4-3c[data-kb-block=\"kb-adv-heading522_3a49c4-3c\"]{text-align:center;font-size:var(--global-kb-font-size-xl, 3rem);font-weight:600;font-style:normal;font-family:'Hanken Grotesk';}.wp-block-kadence-advancedheading.kt-adv-heading522_3a49c4-3c mark.kt-highlight, .wp-block-kadence-advancedheading.kt-adv-heading522_3a49c4-3c[data-kb-block=\"kb-adv-heading522_3a49c4-3c\"] mark.kt-highlight{font-style:normal;color:#f76a0c;-webkit-box-decoration-break:clone;box-decoration-break:clone;padding-top:0px;padding-right:0px;padding-bottom:0px;padding-left:0px;}<\/style>\n<h1 class=\"kt-adv-heading522_3a49c4-3c wp-block-kadence-advancedheading has-theme-palette-2-color has-text-color\" data-kb-block=\"kb-adv-heading522_3a49c4-3c\">La st\u00e9rilisation<br>de votre braque de weimar<br>poil court | poil long<\/h1>\n\n\n\n<hr class=\"wp-block-separator alignwide has-alpha-channel-opacity\"\/>\n\n\n\n<p><\/p>\n\n\n<style>.wp-block-kadence-advancedheading.kt-adv-heading522_7717a9-38, .wp-block-kadence-advancedheading.kt-adv-heading522_7717a9-38[data-kb-block=\"kb-adv-heading522_7717a9-38\"]{font-size:var(--global-kb-font-size-md, 1.25rem);font-style:normal;}.wp-block-kadence-advancedheading.kt-adv-heading522_7717a9-38 mark.kt-highlight, .wp-block-kadence-advancedheading.kt-adv-heading522_7717a9-38[data-kb-block=\"kb-adv-heading522_7717a9-38\"] mark.kt-highlight{font-style:normal;color:#f76a0c;-webkit-box-decoration-break:clone;box-decoration-break:clone;padding-top:0px;padding-right:0px;padding-bottom:0px;padding-left:0px;}<\/style>\n<p class=\"kt-adv-heading522_7717a9-38 wp-block-kadence-advancedheading\" data-kb-block=\"kb-adv-heading522_7717a9-38\">En premier lieu, la st\u00e9rilisation de \u00ab\u00a0confort\u00a0\u00bb, c&rsquo;est \u00e0 dire sans que le chien ne pr\u00e9sente de probl\u00e8me de sant\u00e9 l&rsquo;obligeant, doit \u00eatre un choix personnel, r\u00e9fl\u00e9chit et document\u00e9 du propri\u00e9taire et de personne d&rsquo;autre.<br><\/p>\n\n\n\n<hr class=\"wp-block-separator aligncenter has-alpha-channel-opacity\"\/>\n\n\n<style>.wp-block-kadence-advancedheading.kt-adv-heading522_452506-5d, .wp-block-kadence-advancedheading.kt-adv-heading522_452506-5d[data-kb-block=\"kb-adv-heading522_452506-5d\"]{text-align:right;font-size:var(--global-kb-font-size-lg, 2rem);font-weight:600;font-style:normal;font-family:'Hanken Grotesk';}.wp-block-kadence-advancedheading.kt-adv-heading522_452506-5d mark.kt-highlight, .wp-block-kadence-advancedheading.kt-adv-heading522_452506-5d[data-kb-block=\"kb-adv-heading522_452506-5d\"] mark.kt-highlight{font-style:normal;color:#f76a0c;-webkit-box-decoration-break:clone;box-decoration-break:clone;padding-top:0px;padding-right:0px;padding-bottom:0px;padding-left:0px;}<\/style>\n<h2 class=\"kt-adv-heading522_452506-5d wp-block-kadence-advancedheading has-theme-palette-2-color has-text-color\" data-kb-block=\"kb-adv-heading522_452506-5d\">La st\u00e9rilisation chez la femelle<\/h2>\n\n\n<style>.wp-block-kadence-advancedheading.kt-adv-heading522_6b7a5b-a7, .wp-block-kadence-advancedheading.kt-adv-heading522_6b7a5b-a7[data-kb-block=\"kb-adv-heading522_6b7a5b-a7\"]{font-size:var(--global-kb-font-size-md, 1.25rem);font-style:normal;}.wp-block-kadence-advancedheading.kt-adv-heading522_6b7a5b-a7 mark.kt-highlight, .wp-block-kadence-advancedheading.kt-adv-heading522_6b7a5b-a7[data-kb-block=\"kb-adv-heading522_6b7a5b-a7\"] mark.kt-highlight{font-style:normal;color:#f76a0c;-webkit-box-decoration-break:clone;box-decoration-break:clone;padding-top:0px;padding-right:0px;padding-bottom:0px;padding-left:0px;}<\/style>\n<p class=\"kt-adv-heading522_6b7a5b-a7 wp-block-kadence-advancedheading\" data-kb-block=\"kb-adv-heading522_6b7a5b-a7\"><br>Si, comme beaucoup de propri\u00e9taires, vous ne souhaitez pas faire de port\u00e9e un jour : faites st\u00e9riliser votre chienne.<\/p>\n\n\n\n<ol class=\"wp-block-list\">\n<li style=\"font-size:20px\">Cela vous \u00e9vitera bien des d\u00e9sagr\u00e9ments li\u00e9s aux chaleurs (pertes de sang pendant 3 semaines et ce tous les 5\/6 mois, changement de comportement\/caract\u00e8re pendant cette p\u00e9riode, difficult\u00e9 \u00e0 sortir votre chienne sans prendre le risque de tomber sur un amoureux transi qui aura \u00e9chapp\u00e9 \u00e0 la surveillance de son propri\u00e9taire, le trainard du quartier qui campe devant votre portail et urine dessus \u00e0 longueur de journ\u00e9e et sans oublier que les femelles aussi peuvent fuguer pour aller \u00e0 la recherche d&rsquo;un \u00ab\u00a0fianc\u00e9\u00a0\u00bb)<\/li>\n\n\n\n<li style=\"font-size:20px\">Limiter voir supprimer les risques de pathologies li\u00e9es \u00e0 l&rsquo;appareil reproducteur dont :<br>&#8211; le pyom\u00e8tre qui est une infection de l&rsquo;ut\u00e9rus d&rsquo;origine hormonale, qui peut engager le pronostic vital d&rsquo;une chienne si il n&rsquo;est pas pris \u00e0 temps, et dont le traitement privil\u00e9gi\u00e9 est une st\u00e9rilisation en urgence (plus \u00e9prouvante pour la chienne qu&rsquo;une de \u00ab\u00a0confort\u00a0\u00bbet plus on\u00e9reuse pour le propri\u00e9taire)<br>&#8211; r\u00e9duction du risque de tumeur mammaire (si la chienne est st\u00e9rilis\u00e9e avant son 3\u00e8me cycle de chaleurs), tumeur qui obligent au retrait de la cha\u00eene mammaire, intervention tr\u00e8s douloureuse pour la chienne mais n\u00e9cessaire dans ce cas.<br><\/li>\n<\/ol>\n\n\n<style>.wp-block-kadence-advancedheading.kt-adv-heading522_5f7a00-5b, .wp-block-kadence-advancedheading.kt-adv-heading522_5f7a00-5b[data-kb-block=\"kb-adv-heading522_5f7a00-5b\"]{font-size:var(--global-kb-font-size-md, 1.25rem);font-style:normal;}.wp-block-kadence-advancedheading.kt-adv-heading522_5f7a00-5b mark.kt-highlight, .wp-block-kadence-advancedheading.kt-adv-heading522_5f7a00-5b[data-kb-block=\"kb-adv-heading522_5f7a00-5b\"] mark.kt-highlight{font-style:normal;color:#f76a0c;-webkit-box-decoration-break:clone;box-decoration-break:clone;padding-top:0px;padding-right:0px;padding-bottom:0px;padding-left:0px;}<\/style>\n<p class=\"kt-adv-heading522_5f7a00-5b wp-block-kadence-advancedheading\" data-kb-block=\"kb-adv-heading522_5f7a00-5b\">Et attention, il ne faut pas faire d&rsquo;anthropomorphisme : Les chiennes n&rsquo;ont pas le d\u00e9sir de maternit\u00e9, elles n&rsquo;en ont absolument pas besoin pour \u00eatre heureuses et \u00e9panouies. Si les chiens livr\u00e9s \u00e0 eux-m\u00eames (tout comme les animaux sauvages) reproduisent r\u00e9guli\u00e8rement, c&rsquo;est juste par instinct primitif de perp\u00e9tuer une esp\u00e8ce mais absolument pas par d\u00e9sir r\u00e9fl\u00e9chit de pouponner des petits b\u00e9b\u00e9s !<\/p>\n\n\n\n<hr class=\"wp-block-separator aligncenter has-alpha-channel-opacity\"\/>\n\n\n<style>.wp-block-kadence-advancedheading.kt-adv-heading522_f3ac47-02, .wp-block-kadence-advancedheading.kt-adv-heading522_f3ac47-02[data-kb-block=\"kb-adv-heading522_f3ac47-02\"]{text-align:right;font-size:var(--global-kb-font-size-lg, 2rem);font-weight:600;font-style:normal;font-family:'Hanken Grotesk';}.wp-block-kadence-advancedheading.kt-adv-heading522_f3ac47-02 mark.kt-highlight, .wp-block-kadence-advancedheading.kt-adv-heading522_f3ac47-02[data-kb-block=\"kb-adv-heading522_f3ac47-02\"] mark.kt-highlight{font-style:normal;color:#f76a0c;-webkit-box-decoration-break:clone;box-decoration-break:clone;padding-top:0px;padding-right:0px;padding-bottom:0px;padding-left:0px;}<\/style>\n<h2 class=\"kt-adv-heading522_f3ac47-02 wp-block-kadence-advancedheading has-theme-palette-2-color has-text-color\" data-kb-block=\"kb-adv-heading522_f3ac47-02\">La st\u00e9rilisation chez le m\u00e2le<\/h2>\n\n\n<style>.wp-block-kadence-advancedheading.kt-adv-heading522_dc2860-d7, .wp-block-kadence-advancedheading.kt-adv-heading522_dc2860-d7[data-kb-block=\"kb-adv-heading522_dc2860-d7\"]{font-size:var(--global-kb-font-size-md, 1.25rem);font-style:normal;}.wp-block-kadence-advancedheading.kt-adv-heading522_dc2860-d7 mark.kt-highlight, .wp-block-kadence-advancedheading.kt-adv-heading522_dc2860-d7[data-kb-block=\"kb-adv-heading522_dc2860-d7\"] mark.kt-highlight{font-style:normal;color:#f76a0c;-webkit-box-decoration-break:clone;box-decoration-break:clone;padding-top:0px;padding-right:0px;padding-bottom:0px;padding-left:0px;}<\/style>\n<p class=\"kt-adv-heading522_dc2860-d7 wp-block-kadence-advancedheading\" data-kb-block=\"kb-adv-heading522_dc2860-d7\"><br><br>Contrairement \u00e0 la st\u00e9rilisation chez la femelle qui est souvent motiv\u00e9e par la r\u00e9duction des risques de pathologies li\u00e9s \u00e0 l&rsquo;appareil reproducteur, celle des m\u00e2les est g\u00e9n\u00e9ralement plus motiv\u00e9e par la r\u00e9duction de certains comportements ind\u00e9sirables et parfois par de fausses informations sur la sant\u00e9.<br>&#8211; si la castration joue un r\u00f4le sur l&rsquo;hyperplasie de la prostate d&rsquo;un chien vieillissant, en aucun cas elle \u00e9vite un cancer de la prostate (le risque de carcinome prostatique serait m\u00eame multipli\u00e9 par 3)<br>&#8211; la castration n&rsquo;a aucun effet sur une grande partie des chiens fugueurs car ces chiens ne fuguent pas pour aller conter fleurette mais par d\u00e9sir d&rsquo;aller se promener librement.<br>&#8211; m\u00eame si la castration emp\u00eache toute reproduction, elle n&#8217;emp\u00eache pas pour autant forc\u00e9ment ni les envies ni l&rsquo;acte.<br>Probl\u00e8me de caract\u00e8re avec ses cong\u00e9n\u00e8res ou avec les humains, chien agit\u00e9, d\u00e9sob\u00e9issance, fugue, etc : la castration n&rsquo;aura aucun effet sur un manque d&rsquo;\u00e9ducation ou de sociabilisation et c&rsquo;est pour \u00e7a qu&rsquo;avant de faire castrer chirurgicalement votre m\u00e2le (intervention irr\u00e9versible) il est important de<br>r\u00e9aliser un bilan comportemental. De plus, au vu des r\u00e9sultats qui ne sont pas toujours b\u00e9n\u00e9fiques, il est plus avis\u00e9 en premi\u00e8re intention de r\u00e9aliser une contraception m\u00e9dicale (pose d&rsquo;un implant).<br>M\u00eame si la st\u00e9rilisation, des femelles comme des m\u00e2les, pr\u00e9sente nombre d&rsquo;int\u00e9r\u00eats d\u00e9montr\u00e9s, il n&rsquo;en reste que ce n&rsquo;est pas une intervention anodine, qu&rsquo;il peut y avoir des effets secondaires tant sur la sant\u00e9 que sur le comportement.<\/p>\n\n\n\n<hr class=\"wp-block-separator has-alpha-channel-opacity\"\/>\n\n\n<style>.wp-block-kadence-advancedheading.kt-adv-heading522_61d283-b8, .wp-block-kadence-advancedheading.kt-adv-heading522_61d283-b8[data-kb-block=\"kb-adv-heading522_61d283-b8\"]{font-size:var(--global-kb-font-size-lg, 2rem);font-weight:600;font-style:normal;font-family:'Hanken Grotesk';}.wp-block-kadence-advancedheading.kt-adv-heading522_61d283-b8 mark.kt-highlight, .wp-block-kadence-advancedheading.kt-adv-heading522_61d283-b8[data-kb-block=\"kb-adv-heading522_61d283-b8\"] mark.kt-highlight{font-style:normal;color:#f76a0c;-webkit-box-decoration-break:clone;box-decoration-break:clone;padding-top:0px;padding-right:0px;padding-bottom:0px;padding-left:0px;}<\/style>\n<h3 class=\"kt-adv-heading522_61d283-b8 wp-block-kadence-advancedheading has-theme-palette-2-color has-text-color\" data-kb-block=\"kb-adv-heading522_61d283-b8\">Pour allez plus loin:<\/h3>\n\n\n<style>.wp-block-kadence-advancedheading.kt-adv-heading522_508d74-1b, .wp-block-kadence-advancedheading.kt-adv-heading522_508d74-1b[data-kb-block=\"kb-adv-heading522_508d74-1b\"]{font-size:var(--global-kb-font-size-md, 1.25rem);font-style:normal;}.wp-block-kadence-advancedheading.kt-adv-heading522_508d74-1b mark.kt-highlight, .wp-block-kadence-advancedheading.kt-adv-heading522_508d74-1b[data-kb-block=\"kb-adv-heading522_508d74-1b\"] mark.kt-highlight{font-style:normal;color:#f76a0c;-webkit-box-decoration-break:clone;box-decoration-break:clone;padding-top:0px;padding-right:0px;padding-bottom:0px;padding-left:0px;}<\/style>\n<p class=\"kt-adv-heading522_508d74-1b wp-block-kadence-advancedheading\" data-kb-block=\"kb-adv-heading522_508d74-1b\"><br>Nous vous invitons donc \u00e0 \u00e9couter attentivement la visio conf\u00e9rence du Pr Fontbonne (sp\u00e9cialiste en reproduction des animaux de compagnie) qui pr\u00e9sente un \u00e9tat des lieux des connaissances actuelles sur la st\u00e9rilisation chez les retrievers (mais valable dans toutes les races) c&rsquo;est un peu long, une bonne heure, mais tellement int\u00e9ressant ! Bon visionnage ! <\/p>\n\n\n<style>.kb-row-layout-id522_3ca905-67 > .kt-row-column-wrap{align-content:start;}:where(.kb-row-layout-id522_3ca905-67 > .kt-row-column-wrap) > .wp-block-kadence-column{justify-content:start;}.kb-row-layout-id522_3ca905-67 > .kt-row-column-wrap{column-gap:var(--global-kb-gap-md, 2rem);row-gap:var(--global-kb-gap-md, 2rem);padding-top:var(--global-kb-spacing-sm, 1.5rem);padding-bottom:var(--global-kb-spacing-sm, 1.5rem);grid-template-columns:minmax(0, calc(10% - ((var(--global-kb-gap-md, 2rem) * 2 )\/3)))minmax(0, calc(80% - ((var(--global-kb-gap-md, 2rem) * 2 )\/3)))minmax(0, calc(10% - ((var(--global-kb-gap-md, 2rem) * 2 )\/3)));}.kb-row-layout-id522_3ca905-67 > .kt-row-layout-overlay{opacity:0.30;}@media all and (max-width: 1024px){.kb-row-layout-id522_3ca905-67 > .kt-row-column-wrap > div:not(.added-for-specificity){grid-column:initial;}}@media all and (max-width: 1024px){.kb-row-layout-id522_3ca905-67 > .kt-row-column-wrap{grid-template-columns:minmax(0, 1fr) minmax(0, 6fr) minmax(0, 1fr);}}@media all and (max-width: 767px){.kb-row-layout-id522_3ca905-67 > .kt-row-column-wrap > div:not(.added-for-specificity){grid-column:initial;}.kb-row-layout-id522_3ca905-67 > .kt-row-column-wrap{grid-template-columns:minmax(0, 1fr);}}<\/style><div class=\"kb-row-layout-wrap kb-row-layout-id522_3ca905-67 alignnone wp-block-kadence-rowlayout\"><div class=\"kt-row-column-wrap kt-has-3-columns kt-row-layout-center-exwide kt-tab-layout-inherit kt-mobile-layout-row kt-row-valign-top\">\n<style>.kadence-column522_ef766d-69 > .kt-inside-inner-col,.kadence-column522_ef766d-69 > .kt-inside-inner-col:before{border-top-left-radius:0px;border-top-right-radius:0px;border-bottom-right-radius:0px;border-bottom-left-radius:0px;}.kadence-column522_ef766d-69 > .kt-inside-inner-col{column-gap:var(--global-kb-gap-sm, 1rem);}.kadence-column522_ef766d-69 > .kt-inside-inner-col{flex-direction:column;}.kadence-column522_ef766d-69 > .kt-inside-inner-col > .aligncenter{width:100%;}.kadence-column522_ef766d-69 > .kt-inside-inner-col:before{opacity:0.3;}.kadence-column522_ef766d-69{position:relative;}@media all and (max-width: 1024px){.kadence-column522_ef766d-69 > .kt-inside-inner-col{flex-direction:column;justify-content:center;}}@media all and (max-width: 767px){.kadence-column522_ef766d-69 > .kt-inside-inner-col{flex-direction:column;justify-content:center;}}<\/style>\n<div class=\"wp-block-kadence-column kadence-column522_ef766d-69\"><div class=\"kt-inside-inner-col\"><\/div><\/div>\n\n\n<style>.kadence-column522_59ae1f-17 > .kt-inside-inner-col{box-shadow:0px 0px 14px 0px var(--global-palette6, #718096);border-top:5px solid var(--global-palette8, #F7FAFC);border-right:5px solid var(--global-palette8, #F7FAFC);border-bottom:5px solid var(--global-palette8, #F7FAFC);border-left:5px solid var(--global-palette8, #F7FAFC);}.kadence-column522_59ae1f-17 > .kt-inside-inner-col,.kadence-column522_59ae1f-17 > .kt-inside-inner-col:before{border-top-left-radius:15px;border-top-right-radius:15px;border-bottom-right-radius:15px;border-bottom-left-radius:15px;}.kadence-column522_59ae1f-17 > .kt-inside-inner-col{column-gap:var(--global-kb-gap-sm, 1rem);}.kadence-column522_59ae1f-17 > .kt-inside-inner-col{flex-direction:column;}.kadence-column522_59ae1f-17 > .kt-inside-inner-col > .aligncenter{width:100%;}.kadence-column522_59ae1f-17 > .kt-inside-inner-col:before{opacity:0.3;}.kadence-column522_59ae1f-17{position:relative;}@media all and (max-width: 1024px){.kadence-column522_59ae1f-17 > .kt-inside-inner-col{border-top:5px solid var(--global-palette8, #F7FAFC);border-right:5px solid var(--global-palette8, #F7FAFC);border-bottom:5px solid var(--global-palette8, #F7FAFC);border-left:5px solid var(--global-palette8, #F7FAFC);flex-direction:column;justify-content:center;}}@media all and (max-width: 767px){.kadence-column522_59ae1f-17 > .kt-inside-inner-col{border-top:5px solid var(--global-palette8, #F7FAFC);border-right:5px solid var(--global-palette8, #F7FAFC);border-bottom:5px solid var(--global-palette8, #F7FAFC);border-left:5px solid var(--global-palette8, #F7FAFC);flex-direction:column;justify-content:center;}}<\/style>\n<div class=\"wp-block-kadence-column kadence-column522_59ae1f-17\"><div class=\"kt-inside-inner-col\">\n<figure class=\"wp-block-embed is-type-video is-provider-youtube wp-block-embed-youtube wp-embed-aspect-16-9 wp-has-aspect-ratio\"><div class=\"wp-block-embed__wrapper\">\n<iframe loading=\"lazy\" title=\"Visioconf\u00e9rence du Pr Fontbonne sur la st\u00e9rilisation chez les retrievers\" width=\"720\" height=\"405\" src=\"https:\/\/www.youtube.com\/embed\/uwtgROsJFJ8?feature=oembed\" frameborder=\"0\" allow=\"accelerometer; autoplay; clipboard-write; encrypted-media; gyroscope; picture-in-picture; web-share\" allowfullscreen><\/iframe>\n<\/div><\/figure>\n<\/div><\/div>\n\n\n<style>.kadence-column522_363416-74 > .kt-inside-inner-col,.kadence-column522_363416-74 > .kt-inside-inner-col:before{border-top-left-radius:0px;border-top-right-radius:0px;border-bottom-right-radius:0px;border-bottom-left-radius:0px;}.kadence-column522_363416-74 > .kt-inside-inner-col{column-gap:var(--global-kb-gap-sm, 1rem);}.kadence-column522_363416-74 > .kt-inside-inner-col{flex-direction:column;}.kadence-column522_363416-74 > .kt-inside-inner-col > .aligncenter{width:100%;}.kadence-column522_363416-74 > .kt-inside-inner-col:before{opacity:0.3;}.kadence-column522_363416-74{position:relative;}@media all and (max-width: 1024px){.kadence-column522_363416-74 > .kt-inside-inner-col{flex-direction:column;justify-content:center;}}@media all and (max-width: 767px){.kadence-column522_363416-74 > .kt-inside-inner-col{flex-direction:column;justify-content:center;}}<\/style>\n<div class=\"wp-block-kadence-column kadence-column522_363416-74\"><div class=\"kt-inside-inner-col\"><\/div><\/div>\n\n<\/div><\/div><\/div><\/div>\n\n<\/div><\/div>\n\n\n<p><\/p>\n\n\n\n<hr class=\"wp-block-separator alignwide has-alpha-channel-opacity\"\/>\n\n\n<style>.kb-image522_8d4670-46 .kb-image-has-overlay:after{opacity:0.3;border-top-left-radius:70px;border-top-right-radius:70px;border-bottom-right-radius:70px;border-bottom-left-radius:70px;}.kb-image522_8d4670-46 img.kb-img, .kb-image522_8d4670-46 .kb-img img{border-top:1px solid #317ac1;border-right:1px solid #317ac1;border-bottom:1px solid #317ac1;border-left:1px solid #317ac1;border-top-left-radius:70px;border-top-right-radius:70px;border-bottom-right-radius:70px;border-bottom-left-radius:70px;box-shadow:0px 0px 14px 0px var(--global-palette6, #718096);}@media all and (max-width: 1024px){.kb-image522_8d4670-46 img.kb-img, .kb-image522_8d4670-46 .kb-img img{border-top:1px solid #317ac1;border-right:1px solid #317ac1;border-bottom:1px solid #317ac1;border-left:1px solid #317ac1;}}@media all and (max-width: 767px){.kb-image522_8d4670-46 img.kb-img, .kb-image522_8d4670-46 .kb-img img{border-top:1px solid #317ac1;border-right:1px solid #317ac1;border-bottom:1px solid #317ac1;border-left:1px solid #317ac1;}}<\/style>\n<div class=\"wp-block-kadence-image kb-image522_8d4670-46\"><figure class=\"aligncenter size-full\"><a href=\"https:\/\/cercledesamateursdubraquedeweimar.com\/index.php\/la-sterilisation-braque-de-weimar\/\" class=\"kb-advanced-image-link\"><img loading=\"lazy\" decoding=\"async\" width=\"125\" height=\"125\" src=\"https:\/\/cercledesamateursdubraquedeweimar.com\/wordpress\/wp-content\/uploads\/2023\/10\/logo_cabw-1.jpg\" alt=\"cercle des amateurs du braque de weimar\" class=\"kb-img wp-image-1465\"\/><\/a><\/figure><\/div>\n","protected":false},"excerpt":{"rendered":"<p>La st\u00e9rilisationde votre braque de weimarpoil court | poil long En premier lieu, la st\u00e9rilisation de \u00ab\u00a0confort\u00a0\u00bb, c&rsquo;est \u00e0 dire sans que le chien ne pr\u00e9sente de probl\u00e8me de sant\u00e9 l&rsquo;obligeant, doit \u00eatre un choix personnel, r\u00e9fl\u00e9chit et document\u00e9 du propri\u00e9taire et de personne d&rsquo;autre. La st\u00e9rilisation chez la femelle Si, comme beaucoup de propri\u00e9taires,&#8230;<\/p>\n","protected":false},"author":1,"featured_media":0,"parent":0,"menu_order":0,"comment_status":"closed","ping_status":"closed","template":"","meta":{"_monsterinsights_skip_tracking":false,"_monsterinsights_sitenote_active":false,"_monsterinsights_sitenote_note":"","_monsterinsights_sitenote_category":0,"_kad_post_transparent":"","_kad_post_title":"hide","_kad_post_layout":"","_kad_post_sidebar_id":"","_kad_post_content_style":"","_kad_post_vertical_padding":"","_kad_post_feature":"","_kad_post_feature_position":"","_kad_post_header":false,"_kad_post_footer":false,"footnotes":""},"class_list":["post-522","page","type-page","status-publish","hentry"],"yoast_head":"<!-- This site is optimized with the Yoast SEO plugin v25.4 - https:\/\/yoast.com\/wordpress\/plugins\/seo\/ -->\n<title>La st\u00e9rilisation | Cercle des Amateurs du Braque de Weimar<\/title>\n<meta name=\"description\" content=\"Association de propri\u00e9taires de braque de weimar depuis 1978 en France. Informations sur la st\u00e9rilisation des braques de weimar.\" \/>\n<meta name=\"robots\" content=\"index, follow, max-snippet:-1, max-image-preview:large, max-video-preview:-1\" \/>\n<link rel=\"canonical\" href=\"https:\/\/cercledesamateursdubraquedeweimar.com\/index.php\/la-sterilisation-braque-de-weimar\/\" \/>\n<meta property=\"og:locale\" content=\"fr_FR\" \/>\n<meta property=\"og:type\" content=\"article\" \/>\n<meta property=\"og:title\" content=\"La st\u00e9rilisation | Cercle des Amateurs du Braque de Weimar\" \/>\n<meta property=\"og:description\" content=\"Association de propri\u00e9taires de braque de weimar depuis 1978 en France. Informations sur la st\u00e9rilisation des braques de weimar.\" \/>\n<meta property=\"og:url\" content=\"https:\/\/cercledesamateursdubraquedeweimar.com\/index.php\/la-sterilisation-braque-de-weimar\/\" \/>\n<meta property=\"og:site_name\" content=\"Cercle des Amateurs du Braque de Weimar\" \/>\n<meta property=\"article:publisher\" content=\"https:\/\/www.facebook.com\/groups\/259081272759375\" \/>\n<meta property=\"article:modified_time\" content=\"2023-12-14T22:56:28+00:00\" \/>\n<meta property=\"og:image\" content=\"https:\/\/cercledesamateursdubraquedeweimar.com\/wordpress\/wp-content\/uploads\/2023\/10\/logo_cabw-1.jpg\" \/>\n<meta name=\"twitter:card\" content=\"summary_large_image\" \/>\n<meta name=\"twitter:label1\" content=\"Dur\u00e9e de lecture estim\u00e9e\" \/>\n\t<meta name=\"twitter:data1\" content=\"4 minutes\" \/>\n<script type=\"application\/ld+json\" class=\"yoast-schema-graph\">{\"@context\":\"https:\/\/schema.org\",\"@graph\":[{\"@type\":\"WebPage\",\"@id\":\"https:\/\/cercledesamateursdubraquedeweimar.com\/index.php\/la-sterilisation-braque-de-weimar\/\",\"url\":\"https:\/\/cercledesamateursdubraquedeweimar.com\/index.php\/la-sterilisation-braque-de-weimar\/\",\"name\":\"La st\u00e9rilisation | Cercle des Amateurs du Braque de Weimar\",\"isPartOf\":{\"@id\":\"https:\/\/cercledesamateursdubraquedeweimar.com\/#website\"},\"primaryImageOfPage\":{\"@id\":\"https:\/\/cercledesamateursdubraquedeweimar.com\/index.php\/la-sterilisation-braque-de-weimar\/#primaryimage\"},\"image\":{\"@id\":\"https:\/\/cercledesamateursdubraquedeweimar.com\/index.php\/la-sterilisation-braque-de-weimar\/#primaryimage\"},\"thumbnailUrl\":\"https:\/\/cercledesamateursdubraquedeweimar.com\/wordpress\/wp-content\/uploads\/2023\/10\/logo_cabw-1.jpg\",\"datePublished\":\"2023-09-07T12:38:56+00:00\",\"dateModified\":\"2023-12-14T22:56:28+00:00\",\"description\":\"Association de propri\u00e9taires de braque de weimar depuis 1978 en France. Informations sur la st\u00e9rilisation des braques de weimar.\",\"breadcrumb\":{\"@id\":\"https:\/\/cercledesamateursdubraquedeweimar.com\/index.php\/la-sterilisation-braque-de-weimar\/#breadcrumb\"},\"inLanguage\":\"fr-FR\",\"potentialAction\":[{\"@type\":\"ReadAction\",\"target\":[\"https:\/\/cercledesamateursdubraquedeweimar.com\/index.php\/la-sterilisation-braque-de-weimar\/\"]}]},{\"@type\":\"ImageObject\",\"inLanguage\":\"fr-FR\",\"@id\":\"https:\/\/cercledesamateursdubraquedeweimar.com\/index.php\/la-sterilisation-braque-de-weimar\/#primaryimage\",\"url\":\"https:\/\/cercledesamateursdubraquedeweimar.com\/wordpress\/wp-content\/uploads\/2023\/10\/logo_cabw-1.jpg\",\"contentUrl\":\"https:\/\/cercledesamateursdubraquedeweimar.com\/wordpress\/wp-content\/uploads\/2023\/10\/logo_cabw-1.jpg\",\"width\":125,\"height\":125},{\"@type\":\"BreadcrumbList\",\"@id\":\"https:\/\/cercledesamateursdubraquedeweimar.com\/index.php\/la-sterilisation-braque-de-weimar\/#breadcrumb\",\"itemListElement\":[{\"@type\":\"ListItem\",\"position\":1,\"name\":\"Accueil\",\"item\":\"https:\/\/cercledesamateursdubraquedeweimar.com\/\"},{\"@type\":\"ListItem\",\"position\":2,\"name\":\"La st\u00e9rilisation\"}]},{\"@type\":\"WebSite\",\"@id\":\"https:\/\/cercledesamateursdubraquedeweimar.com\/#website\",\"url\":\"https:\/\/cercledesamateursdubraquedeweimar.com\/\",\"name\":\"Cercle des amateurs du braque de weimar\",\"description\":\"Association de propri\u00e9taires de braques de weimar depuis 1978\",\"publisher\":{\"@id\":\"https:\/\/cercledesamateursdubraquedeweimar.com\/#organization\"},\"alternateName\":\"CABW\",\"potentialAction\":[{\"@type\":\"SearchAction\",\"target\":{\"@type\":\"EntryPoint\",\"urlTemplate\":\"https:\/\/cercledesamateursdubraquedeweimar.com\/?s={search_term_string}\"},\"query-input\":{\"@type\":\"PropertyValueSpecification\",\"valueRequired\":true,\"valueName\":\"search_term_string\"}}],\"inLanguage\":\"fr-FR\"},{\"@type\":\"Organization\",\"@id\":\"https:\/\/cercledesamateursdubraquedeweimar.com\/#organization\",\"name\":\"Cercle des Amateurs du Braque de Weimar\",\"alternateName\":\"CABW\",\"url\":\"https:\/\/cercledesamateursdubraquedeweimar.com\/\",\"logo\":{\"@type\":\"ImageObject\",\"inLanguage\":\"fr-FR\",\"@id\":\"https:\/\/cercledesamateursdubraquedeweimar.com\/#\/schema\/logo\/image\/\",\"url\":\"https:\/\/cercledesamateursdubraquedeweimar.com\/wordpress\/wp-content\/uploads\/2025\/05\/cropped-cropped-logoCABW2025vers1.png\",\"contentUrl\":\"https:\/\/cercledesamateursdubraquedeweimar.com\/wordpress\/wp-content\/uploads\/2025\/05\/cropped-cropped-logoCABW2025vers1.png\",\"width\":512,\"height\":512,\"caption\":\"Cercle des Amateurs du Braque de Weimar\"},\"image\":{\"@id\":\"https:\/\/cercledesamateursdubraquedeweimar.com\/#\/schema\/logo\/image\/\"},\"sameAs\":[\"https:\/\/www.facebook.com\/groups\/259081272759375\"]}]}<\/script>\n<!-- \/ Yoast SEO plugin. -->","yoast_head_json":{"title":"La st\u00e9rilisation | Cercle des Amateurs du Braque de Weimar","description":"Association de propri\u00e9taires de braque de weimar depuis 1978 en France. Informations sur la st\u00e9rilisation des braques de weimar.","robots":{"index":"index","follow":"follow","max-snippet":"max-snippet:-1","max-image-preview":"max-image-preview:large","max-video-preview":"max-video-preview:-1"},"canonical":"https:\/\/cercledesamateursdubraquedeweimar.com\/index.php\/la-sterilisation-braque-de-weimar\/","og_locale":"fr_FR","og_type":"article","og_title":"La st\u00e9rilisation | Cercle des Amateurs du Braque de Weimar","og_description":"Association de propri\u00e9taires de braque de weimar depuis 1978 en France. Informations sur la st\u00e9rilisation des braques de weimar.","og_url":"https:\/\/cercledesamateursdubraquedeweimar.com\/index.php\/la-sterilisation-braque-de-weimar\/","og_site_name":"Cercle des Amateurs du Braque de Weimar","article_publisher":"https:\/\/www.facebook.com\/groups\/259081272759375","article_modified_time":"2023-12-14T22:56:28+00:00","og_image":[{"url":"https:\/\/cercledesamateursdubraquedeweimar.com\/wordpress\/wp-content\/uploads\/2023\/10\/logo_cabw-1.jpg","type":"","width":"","height":""}],"twitter_card":"summary_large_image","twitter_misc":{"Dur\u00e9e de lecture estim\u00e9e":"4 minutes"},"schema":{"@context":"https:\/\/schema.org","@graph":[{"@type":"WebPage","@id":"https:\/\/cercledesamateursdubraquedeweimar.com\/index.php\/la-sterilisation-braque-de-weimar\/","url":"https:\/\/cercledesamateursdubraquedeweimar.com\/index.php\/la-sterilisation-braque-de-weimar\/","name":"La st\u00e9rilisation | Cercle des Amateurs du Braque de Weimar","isPartOf":{"@id":"https:\/\/cercledesamateursdubraquedeweimar.com\/#website"},"primaryImageOfPage":{"@id":"https:\/\/cercledesamateursdubraquedeweimar.com\/index.php\/la-sterilisation-braque-de-weimar\/#primaryimage"},"image":{"@id":"https:\/\/cercledesamateursdubraquedeweimar.com\/index.php\/la-sterilisation-braque-de-weimar\/#primaryimage"},"thumbnailUrl":"https:\/\/cercledesamateursdubraquedeweimar.com\/wordpress\/wp-content\/uploads\/2023\/10\/logo_cabw-1.jpg","datePublished":"2023-09-07T12:38:56+00:00","dateModified":"2023-12-14T22:56:28+00:00","description":"Association de propri\u00e9taires de braque de weimar depuis 1978 en France. Informations sur la st\u00e9rilisation des braques de weimar.","breadcrumb":{"@id":"https:\/\/cercledesamateursdubraquedeweimar.com\/index.php\/la-sterilisation-braque-de-weimar\/#breadcrumb"},"inLanguage":"fr-FR","potentialAction":[{"@type":"ReadAction","target":["https:\/\/cercledesamateursdubraquedeweimar.com\/index.php\/la-sterilisation-braque-de-weimar\/"]}]},{"@type":"ImageObject","inLanguage":"fr-FR","@id":"https:\/\/cercledesamateursdubraquedeweimar.com\/index.php\/la-sterilisation-braque-de-weimar\/#primaryimage","url":"https:\/\/cercledesamateursdubraquedeweimar.com\/wordpress\/wp-content\/uploads\/2023\/10\/logo_cabw-1.jpg","contentUrl":"https:\/\/cercledesamateursdubraquedeweimar.com\/wordpress\/wp-content\/uploads\/2023\/10\/logo_cabw-1.jpg","width":125,"height":125},{"@type":"BreadcrumbList","@id":"https:\/\/cercledesamateursdubraquedeweimar.com\/index.php\/la-sterilisation-braque-de-weimar\/#breadcrumb","itemListElement":[{"@type":"ListItem","position":1,"name":"Accueil","item":"https:\/\/cercledesamateursdubraquedeweimar.com\/"},{"@type":"ListItem","position":2,"name":"La st\u00e9rilisation"}]},{"@type":"WebSite","@id":"https:\/\/cercledesamateursdubraquedeweimar.com\/#website","url":"https:\/\/cercledesamateursdubraquedeweimar.com\/","name":"Cercle des amateurs du braque de weimar","description":"Association de propri\u00e9taires de braques de weimar depuis 1978","publisher":{"@id":"https:\/\/cercledesamateursdubraquedeweimar.com\/#organization"},"alternateName":"CABW","potentialAction":[{"@type":"SearchAction","target":{"@type":"EntryPoint","urlTemplate":"https:\/\/cercledesamateursdubraquedeweimar.com\/?s={search_term_string}"},"query-input":{"@type":"PropertyValueSpecification","valueRequired":true,"valueName":"search_term_string"}}],"inLanguage":"fr-FR"},{"@type":"Organization","@id":"https:\/\/cercledesamateursdubraquedeweimar.com\/#organization","name":"Cercle des Amateurs du Braque de Weimar","alternateName":"CABW","url":"https:\/\/cercledesamateursdubraquedeweimar.com\/","logo":{"@type":"ImageObject","inLanguage":"fr-FR","@id":"https:\/\/cercledesamateursdubraquedeweimar.com\/#\/schema\/logo\/image\/","url":"https:\/\/cercledesamateursdubraquedeweimar.com\/wordpress\/wp-content\/uploads\/2025\/05\/cropped-cropped-logoCABW2025vers1.png","contentUrl":"https:\/\/cercledesamateursdubraquedeweimar.com\/wordpress\/wp-content\/uploads\/2025\/05\/cropped-cropped-logoCABW2025vers1.png","width":512,"height":512,"caption":"Cercle des Amateurs du Braque de Weimar"},"image":{"@id":"https:\/\/cercledesamateursdubraquedeweimar.com\/#\/schema\/logo\/image\/"},"sameAs":["https:\/\/www.facebook.com\/groups\/259081272759375"]}]}},"_links":{"self":[{"href":"https:\/\/cercledesamateursdubraquedeweimar.com\/index.php\/wp-json\/wp\/v2\/pages\/522","targetHints":{"allow":["GET"]}}],"collection":[{"href":"https:\/\/cercledesamateursdubraquedeweimar.com\/index.php\/wp-json\/wp\/v2\/pages"}],"about":[{"href":"https:\/\/cercledesamateursdubraquedeweimar.com\/index.php\/wp-json\/wp\/v2\/types\/page"}],"author":[{"embeddable":true,"href":"https:\/\/cercledesamateursdubraquedeweimar.com\/index.php\/wp-json\/wp\/v2\/users\/1"}],"replies":[{"embeddable":true,"href":"https:\/\/cercledesamateursdubraquedeweimar.com\/index.php\/wp-json\/wp\/v2\/comments?post=522"}],"version-history":[{"count":12,"href":"https:\/\/cercledesamateursdubraquedeweimar.com\/index.php\/wp-json\/wp\/v2\/pages\/522\/revisions"}],"predecessor-version":[{"id":2724,"href":"https:\/\/cercledesamateursdubraquedeweimar.com\/index.php\/wp-json\/wp\/v2\/pages\/522\/revisions\/2724"}],"wp:attachment":[{"href":"https:\/\/cercledesamateursdubraquedeweimar.com\/index.php\/wp-json\/wp\/v2\/media?parent=522"}],"curies":[{"name":"wp","href":"https:\/\/api.w.org\/{rel}","templated":true}]}}